{"id":3837,"date":"2021-03-05T20:05:10","date_gmt":"2021-03-05T23:05:10","guid":{"rendered":"https:\/\/ena.cl\/?post_type=product&#038;p=3837"},"modified":"2023-03-05T12:27:17","modified_gmt":"2023-03-05T15:27:17","slug":"consejeria-e-intervencion-familiar","status":"publish","type":"product","link":"https:\/\/ena.cl\/?product=consejeria-e-intervencion-familiar","title":{"rendered":"Consejer\u00eda e Intervenci\u00f3n Familiar"},"content":{"rendered":"<p><strong>Objetivo del Curso:<\/strong><\/p>\n<p class=\"p1\" style=\"text-align: justify;\">Adquirir las competencias necesarias para comprender y evaluar los procesos del funcionamiento familiar, las influencias de la familia en el desarrollo biopsicosocial normal del individuo, los trastornos del funcionamiento familiar y su relaci\u00f3n con los problemas de salud mental y desarrollar una comprensi\u00f3n de las diversas estrategias de intervenci\u00f3n familiar y de sus fundamentos conceptuales y t\u00e9cnicos.<\/p>\n<p><strong>Metodolog\u00eda:<\/strong><\/p>\n<p class=\"p1\" style=\"text-align: justify;\">Modalidad e-learning, actividades sincr\u00f3nicas, mediante sesiones en tiempo real donde todos los participantes se encuentran conectados a trav\u00e9s de nuestra plataforma tecnol\u00f3gica, generando una instancia de conexi\u00f3n simult\u00e1nea entre el docente-relator y participantes. Durante este periodo se promueve la reflexi\u00f3n y el trabajo colaborativo a trav\u00e9s de talleres pr\u00e1cticos que se conjugan con presentaciones te\u00f3ricas.<\/p>\n<p class=\"p1\" style=\"text-align: justify;\">Consideramos, adem\u00e1s, periodos de trabajo asincr\u00f3nicos, en los que los participantes profundizan en los temas abordados en las sesiones sincr\u00f3nicas, mediante la lectura personal, revisi\u00f3n de las clases, etc., con \u00e9nfasis en que lo trabajado en las sesiones sincr\u00f3nicas, sea comprensible y aplicable a las pr\u00e1cticas en los contextos laborales.<\/p>\n<hr \/>\n<p>Para m\u00e1s informaci\u00f3n sobre nuestras actividades y cursos, cont\u00e1ctanos en <strong><a href=\"mailto:contacto@ena.cl\">contacto@ena.cl<\/a><\/strong> o a los\u00a0 tel\u00e9fonos <strong><a href=\"tel: 56232239876\"> 56(2)32239876<\/a> &#8211; <a href=\"tel: 56222256636\"> 56(2)22256636<\/a><\/strong><\/p>\n<p><a href=\"https:\/\/ena.cl\/bruchure-oferta-academica\/\" target=\"_blank\" rel=\"noopener noreferrer\">Le invitamos a revisar nuestro cat\u00e1logo completo de cursos aqu\u00ed<\/a><\/p>\n","protected":false},"excerpt":{"rendered":"<p class=\"p1\" style=\"text-align: justify;\"><strong>Duraci\u00f3n:<\/strong> 20 horas pedag\u00f3gicas.<\/p>\n<p class=\"p1\" style=\"text-align: justify;\"><strong>Modalidad:<\/strong> Sincr\u00f3nica (clases on line v\u00eda Zoom Educacional); Asincr\u00f3nicas (clases grabadas en Zoom Educacional).<\/p>\n<p class=\"p1\" style=\"text-align: justify;\"><strong>Dirigido a:<\/strong> Funcionarios P\u00fablicos de Planta y a Contrata, Contratados a Honorarios, y Dirigentes Gremiales. Tambi\u00e9n a trabajadores del Sector Privado que a modo de prestaci\u00f3n de servicios interact\u00faan con la Administraci\u00f3n P\u00fablica.<\/p>\n","protected":false},"featured_media":3773,"comment_status":"closed","ping_status":"closed","template":"","meta":[],"product_brand":[],"product_cat":[35],"product_tag":[],"class_list":{"0":"post-3837","1":"product","2":"type-product","3":"status-publish","4":"has-post-thumbnail","6":"product_cat-salud-publica-nutricion-y-autocuidado","7":"description-off","9":"first","10":"instock","11":"shipping-taxable","12":"product-type-simple"},"_links":{"self":[{"href":"https:\/\/ena.cl\/index.php?rest_route=\/wp\/v2\/product\/3837","targetHints":{"allow":["GET"]}}],"collection":[{"href":"https:\/\/ena.cl\/index.php?rest_route=\/wp\/v2\/product"}],"about":[{"href":"https:\/\/ena.cl\/index.php?rest_route=\/wp\/v2\/types\/product"}],"replies":[{"embeddable":true,"href":"https:\/\/ena.cl\/index.php?rest_route=%2Fwp%2Fv2%2Fcomments&post=3837"}],"wp:featuredmedia":[{"embeddable":true,"href":"https:\/\/ena.cl\/index.php?rest_route=\/wp\/v2\/media\/3773"}],"wp:attachment":[{"href":"https:\/\/ena.cl\/index.php?rest_route=%2Fwp%2Fv2%2Fmedia&parent=3837"}],"wp:term":[{"taxonomy":"product_brand","embeddable":true,"href":"https:\/\/ena.cl\/index.php?rest_route=%2Fwp%2Fv2%2Fproduct_brand&post=3837"},{"taxonomy":"product_cat","embeddable":true,"href":"https:\/\/ena.cl\/index.php?rest_route=%2Fwp%2Fv2%2Fproduct_cat&post=3837"},{"taxonomy":"product_tag","embeddable":true,"href":"https:\/\/ena.cl\/index.php?rest_route=%2Fwp%2Fv2%2Fproduct_tag&post=3837"}],"curies":[{"name":"wp","href":"https:\/\/api.w.org\/{rel}","templated":true}]}}