{"id":55679,"date":"2024-02-26T18:00:46","date_gmt":"2024-02-26T21:00:46","guid":{"rendered":"https:\/\/ena.cl\/?page_id=55679"},"modified":"2026-03-17T11:57:42","modified_gmt":"2026-03-17T14:57:42","slug":"noticias","status":"publish","type":"page","link":"https:\/\/ena.cl\/?page_id=55679","title":{"rendered":"Art\u00edculos de inter\u00e9s"},"content":{"rendered":"<div class=\"wpb-content-wrapper\"><p>[vc_row css=&#8221;.vc_custom_1773758477651{margin-top: 50px !important;}&#8221;][vc_column]<style type=\"text\/css\" data-type=\"the7_shortcodes-inline-css\">.blog-shortcode.blog-masonry-shortcode-id-dda30da098ee187ae0a9f24aa4d72ebd.dividers-on.classic-layout-list article {\n  padding-top: 0;\n}\n.blog-shortcode.blog-masonry-shortcode-id-dda30da098ee187ae0a9f24aa4d72ebd.dividers-on.classic-layout-list article:first-of-type {\n  margin-top: 0;\n  padding-top: 0;\n}\n.blog-shortcode.blog-masonry-shortcode-id-dda30da098ee187ae0a9f24aa4d72ebd.classic-layout-list.mode-list .post-entry-content {\n  width: calc(100% - );\n}\n.blog-shortcode.blog-masonry-shortcode-id-dda30da098ee187ae0a9f24aa4d72ebd.classic-layout-list.mode-list .no-img .post-entry-content {\n  width: 100%;\n}\n.blog-shortcode.blog-masonry-shortcode-id-dda30da098ee187ae0a9f24aa4d72ebd .filter-bg-decoration .filter-categories a.act {\n  color: #fff;\n}\n.blog-shortcode.blog-masonry-shortcode-id-dda30da098ee187ae0a9f24aa4d72ebd:not(.mode-masonry) article:first-of-type,\n.blog-shortcode.blog-masonry-shortcode-id-dda30da098ee187ae0a9f24aa4d72ebd:not(.mode-masonry) article.visible.first:not(.product) {\n  margin-top: 0;\n}\n.blog-shortcode.blog-masonry-shortcode-id-dda30da098ee187ae0a9f24aa4d72ebd.dividers-on:not(.mode-masonry) article {\n  margin-top: 0;\n}\n.blog-shortcode.blog-masonry-shortcode-id-dda30da098ee187ae0a9f24aa4d72ebd.dividers-on:not(.mode-masonry) article:first-of-type,\n.blog-shortcode.blog-masonry-shortcode-id-dda30da098ee187ae0a9f24aa4d72ebd.dividers-on:not(.mode-masonry) article.visible.first:not(.product) {\n  margin-top: 0;\n  padding-top: 0;\n}\n.blog-shortcode.blog-masonry-shortcode-id-dda30da098ee187ae0a9f24aa4d72ebd .post-thumbnail-wrap {\n  padding: 0px 0px 0px 0px;\n}\n.blog-shortcode.blog-masonry-shortcode-id-dda30da098ee187ae0a9f24aa4d72ebd.enable-bg-rollover .post-thumbnail-rollover:after {\n  background: -webkit-linear-gradient();\n  background: linear-gradient();\n}\n.blog-shortcode.blog-masonry-shortcode-id-dda30da098ee187ae0a9f24aa4d72ebd .gallery-zoom-ico {\n  width: 44px;\n  height: 44px;\n  line-height: 44px;\n  border-radius: 100px;\n  margin: -22px 0 0 -22px;\n  border-width: 0px;\n  color: #ffffff;\n}\n.bottom-overlap-layout-list.blog-shortcode.blog-masonry-shortcode-id-dda30da098ee187ae0a9f24aa4d72ebd .gallery-zoom-ico {\n  margin-top: -72px;\n}\n.gradient-overlay-layout-list.blog-shortcode.blog-masonry-shortcode-id-dda30da098ee187ae0a9f24aa4d72ebd .gallery-zoom-ico,\n.content-rollover-layout-list.blog-shortcode.blog-masonry-shortcode-id-dda30da098ee187ae0a9f24aa4d72ebd .gallery-zoom-ico {\n  margin: 0 0 10px;\n}\n.content-align-center.gradient-overlay-layout-list.blog-shortcode.blog-masonry-shortcode-id-dda30da098ee187ae0a9f24aa4d72ebd .gallery-zoom-ico,\n.content-align-center.content-rollover-layout-list.blog-shortcode.blog-masonry-shortcode-id-dda30da098ee187ae0a9f24aa4d72ebd .gallery-zoom-ico {\n  margin: 0 auto 10px;\n}\n.dt-icon-bg-on.blog-shortcode.blog-masonry-shortcode-id-dda30da098ee187ae0a9f24aa4d72ebd .gallery-zoom-ico {\n  background: rgba(255,255,255,0.3);\n  box-shadow: none;\n}\n.blog-shortcode.blog-masonry-shortcode-id-dda30da098ee187ae0a9f24aa4d72ebd .gallery-zoom-ico > span,\n.blog-shortcode.blog-masonry-shortcode-id-dda30da098ee187ae0a9f24aa4d72ebd .gallery-zoom-ico:before {\n  font-size: 32px;\n  line-height: 44px;\n}\n.blog-shortcode.blog-masonry-shortcode-id-dda30da098ee187ae0a9f24aa4d72ebd .gallery-zoom-ico > span,\n.blog-shortcode.blog-masonry-shortcode-id-dda30da098ee187ae0a9f24aa4d72ebd .gallery-zoom-ico:before {\n  color: #ffffff;\n}\n.blog-shortcode.blog-masonry-shortcode-id-dda30da098ee187ae0a9f24aa4d72ebd .entry-title,\n.blog-shortcode.blog-masonry-shortcode-id-dda30da098ee187ae0a9f24aa4d72ebd.owl-carousel .entry-title {\n  margin-bottom: 8px;\n  font-size: 20px;\n  line-height: 28px;\n  font-weight: bold;\n}\n.blog-shortcode.blog-masonry-shortcode-id-dda30da098ee187ae0a9f24aa4d72ebd .entry-meta {\n  margin-bottom: 7px;\n}\n.blog-shortcode.blog-masonry-shortcode-id-dda30da098ee187ae0a9f24aa4d72ebd .portfolio-categories {\n  margin-bottom: 7px;\n}\n.blog-shortcode.blog-masonry-shortcode-id-dda30da098ee187ae0a9f24aa4d72ebd .entry-excerpt {\n  margin-bottom: 0px;\n}\n.blog-shortcode.blog-masonry-shortcode-id-dda30da098ee187ae0a9f24aa4d72ebd:not(.centered-layout-list) .post-entry-content {\n  padding: 20px 30px 20px 30px;\n}\n.blog-shortcode.blog-masonry-shortcode-id-dda30da098ee187ae0a9f24aa4d72ebd:not(.centered-layout-list):not(.content-bg-on):not(.mode-list) .no-img .post-entry-content {\n  padding: 0;\n}\n@media screen and (max-width: ) {\n  .blog-shortcode.blog-masonry-shortcode-id-dda30da098ee187ae0a9f24aa4d72ebd article {\n    -ms-flex-flow: column nowrap;\n    flex-flow: column nowrap;\n    margin-top: 20px;\n  }\n  .blog-shortcode.blog-masonry-shortcode-id-dda30da098ee187ae0a9f24aa4d72ebd.dividers-on article {\n    border: none;\n  }\n  .blog-shortcode.blog-masonry-shortcode-id-dda30da098ee187ae0a9f24aa4d72ebd.content-bg-on.centered-layout-list article {\n    padding: 0;\n  }\n  .blog-shortcode.blog-masonry-shortcode-id-dda30da098ee187ae0a9f24aa4d72ebd.blog-shortcode.dividers-on article,\n  .blog-shortcode.blog-masonry-shortcode-id-dda30da098ee187ae0a9f24aa4d72ebd.dividers-on.classic-layout-list article {\n    margin-top: 20px;\n    padding: 0;\n  }\n  .blog-shortcode.blog-masonry-shortcode-id-dda30da098ee187ae0a9f24aa4d72ebd.blog-shortcode.dividers-on article:first-of-type,\n  .blog-shortcode.blog-masonry-shortcode-id-dda30da098ee187ae0a9f24aa4d72ebd.dividers-on.classic-layout-list article:first-of-type {\n    padding: 0;\n  }\n  #page .blog-shortcode.blog-masonry-shortcode-id-dda30da098ee187ae0a9f24aa4d72ebd .post-thumbnail-wrap,\n  #page .blog-shortcode.blog-masonry-shortcode-id-dda30da098ee187ae0a9f24aa4d72ebd .post-entry-content {\n    width: 100%;\n    margin: 0;\n    top: 0;\n  }\n  #page .blog-shortcode.blog-masonry-shortcode-id-dda30da098ee187ae0a9f24aa4d72ebd .post-thumbnail-wrap {\n    padding: 0;\n  }\n  #page .blog-shortcode.blog-masonry-shortcode-id-dda30da098ee187ae0a9f24aa4d72ebd .post-entry-content:after {\n    display: none;\n  }\n  #page .blog-shortcode.blog-masonry-shortcode-id-dda30da098ee187ae0a9f24aa4d72ebd .project-even .post-thumbnail-wrap,\n  #page .blog-shortcode.blog-masonry-shortcode-id-dda30da098ee187ae0a9f24aa4d72ebd.centered-layout-list .post-thumbnail-wrap {\n    -ms-flex-order: 0;\n    order: 0;\n  }\n  #page .blog-shortcode.blog-masonry-shortcode-id-dda30da098ee187ae0a9f24aa4d72ebd.centered-layout-list .post-entry-title-content {\n    -ms-flex-order: 1;\n    order: 1;\n    width: 100%;\n    padding: 20px 20px 0;\n  }\n  #page .blog-shortcode.blog-masonry-shortcode-id-dda30da098ee187ae0a9f24aa4d72ebd.centered-layout-list .post-entry-content {\n    -ms-flex-order: 2;\n    order: 2;\n    padding-top: 0;\n  }\n  #page .blog-shortcode.blog-masonry-shortcode-id-dda30da098ee187ae0a9f24aa4d72ebd .fancy-categories {\n    top: 10px;\n    left: 10px;\n    bottom: auto;\n    right: auto;\n  }\n  #page .blog-shortcode.blog-masonry-shortcode-id-dda30da098ee187ae0a9f24aa4d72ebd .fancy-date a {\n    top: 10px;\n    right: 10px;\n    left: auto;\n    bottom: auto;\n  }\n  #page .blog-shortcode.blog-masonry-shortcode-id-dda30da098ee187ae0a9f24aa4d72ebd .post-entry-content {\n    padding: 20px;\n  }\n  #page .blog-shortcode.blog-masonry-shortcode-id-dda30da098ee187ae0a9f24aa4d72ebd .entry-title {\n    margin: 3px 0 5px;\n    font-size: 20px;\n    line-height: 26px;\n  }\n  #page .blog-shortcode.blog-masonry-shortcode-id-dda30da098ee187ae0a9f24aa4d72ebd .entry-meta {\n    margin: 5px 0 5px;\n  }\n  #page .blog-shortcode.blog-masonry-shortcode-id-dda30da098ee187ae0a9f24aa4d72ebd .entry-excerpt {\n    margin: 15px 0 0;\n  }\n  #page .blog-shortcode.blog-masonry-shortcode-id-dda30da098ee187ae0a9f24aa4d72ebd .post-details {\n    margin: 5px 0 10px;\n  }\n  #page .blog-shortcode.blog-masonry-shortcode-id-dda30da098ee187ae0a9f24aa4d72ebd .post-details.details-type-link {\n    margin-bottom: 2px;\n  }\n}\n.blog-shortcode.blog-masonry-shortcode-id-dda30da098ee187ae0a9f24aa4d72ebd:not(.resize-by-browser-width) .dt-css-grid {\n  grid-row-gap: 50px;\n  grid-column-gap: 50px;\n  grid-template-columns: repeat(auto-fill,minmax(,1fr));\n}\n.blog-shortcode.blog-masonry-shortcode-id-dda30da098ee187ae0a9f24aa4d72ebd:not(.resize-by-browser-width) .dt-css-grid .double-width {\n  grid-column: span 2;\n}\n.cssgridlegacy.no-cssgrid .blog-shortcode.blog-masonry-shortcode-id-dda30da098ee187ae0a9f24aa4d72ebd:not(.resize-by-browser-width) .dt-css-grid,\n.no-cssgridlegacy.no-cssgrid .blog-shortcode.blog-masonry-shortcode-id-dda30da098ee187ae0a9f24aa4d72ebd:not(.resize-by-browser-width) .dt-css-grid {\n  display: flex;\n  flex-flow: row wrap;\n  margin: -25px;\n}\n.cssgridlegacy.no-cssgrid .blog-shortcode.blog-masonry-shortcode-id-dda30da098ee187ae0a9f24aa4d72ebd:not(.resize-by-browser-width) .dt-css-grid .wf-cell,\n.no-cssgridlegacy.no-cssgrid .blog-shortcode.blog-masonry-shortcode-id-dda30da098ee187ae0a9f24aa4d72ebd:not(.resize-by-browser-width) .dt-css-grid .wf-cell {\n  flex: 1 0 ;\n  max-width: 100%;\n  padding: 25px;\n  box-sizing: border-box;\n}\n.blog-shortcode.blog-masonry-shortcode-id-dda30da098ee187ae0a9f24aa4d72ebd.resize-by-browser-width .dt-css-grid {\n  grid-template-columns: repeat(3,1fr);\n  grid-template-rows: auto;\n  grid-column-gap: 50px;\n  grid-row-gap: 50px;\n}\n.blog-shortcode.blog-masonry-shortcode-id-dda30da098ee187ae0a9f24aa4d72ebd.resize-by-browser-width .dt-css-grid .double-width {\n  grid-column: span 2;\n}\n.cssgridlegacy.no-cssgrid .blog-shortcode.blog-masonry-shortcode-id-dda30da098ee187ae0a9f24aa4d72ebd.resize-by-browser-width .dt-css-grid {\n  margin: -25px;\n}\n.cssgridlegacy.no-cssgrid .blog-shortcode.blog-masonry-shortcode-id-dda30da098ee187ae0a9f24aa4d72ebd.resize-by-browser-width .dt-css-grid .wf-cell {\n  width: 33.333333333333%;\n  padding: 25px;\n}\n.cssgridlegacy.no-cssgrid .blog-shortcode.blog-masonry-shortcode-id-dda30da098ee187ae0a9f24aa4d72ebd.resize-by-browser-width .dt-css-grid .wf-cell.double-width {\n  width: calc(33.333333333333%) * 2;\n}\n.blog-shortcode.blog-masonry-shortcode-id-dda30da098ee187ae0a9f24aa4d72ebd.resize-by-browser-width:not(.centered-layout-list):not(.content-bg-on) .dt-css-grid {\n  grid-row-gap: 30px;\n}\n@media screen and (max-width: 1199px) {\n  .blog-shortcode.blog-masonry-shortcode-id-dda30da098ee187ae0a9f24aa4d72ebd.resize-by-browser-width .dt-css-grid {\n    grid-template-columns: repeat(3,1fr);\n  }\n  .cssgridlegacy.no-cssgrid .blog-shortcode.blog-masonry-shortcode-id-dda30da098ee187ae0a9f24aa4d72ebd.resize-by-browser-width .dt-css-grid .wf-cell,\n  .no-cssgridlegacy.no-cssgrid .blog-shortcode.blog-masonry-shortcode-id-dda30da098ee187ae0a9f24aa4d72ebd.resize-by-browser-width .dt-css-grid .wf-cell {\n    width: 33.333333333333%;\n  }\n  .cssgridlegacy.no-cssgrid .blog-shortcode.blog-masonry-shortcode-id-dda30da098ee187ae0a9f24aa4d72ebd.resize-by-browser-width .dt-css-grid .wf-cell.double-width,\n  .no-cssgridlegacy.no-cssgrid .blog-shortcode.blog-masonry-shortcode-id-dda30da098ee187ae0a9f24aa4d72ebd.resize-by-browser-width .dt-css-grid .wf-cell.double-width {\n    width: calc(33.333333333333%)*2;\n  }\n}\n@media screen and (max-width: 991px) {\n  .blog-shortcode.blog-masonry-shortcode-id-dda30da098ee187ae0a9f24aa4d72ebd.resize-by-browser-width .dt-css-grid {\n    grid-template-columns: repeat(2,1fr);\n  }\n  .cssgridlegacy.no-cssgrid .blog-shortcode.blog-masonry-shortcode-id-dda30da098ee187ae0a9f24aa4d72ebd.resize-by-browser-width .dt-css-grid .wf-cell,\n  .no-cssgridlegacy.no-cssgrid .blog-shortcode.blog-masonry-shortcode-id-dda30da098ee187ae0a9f24aa4d72ebd.resize-by-browser-width .dt-css-grid .wf-cell {\n    width: 50%;\n  }\n  .cssgridlegacy.no-cssgrid .blog-shortcode.blog-masonry-shortcode-id-dda30da098ee187ae0a9f24aa4d72ebd.resize-by-browser-width .dt-css-grid .wf-cell.double-width,\n  .no-cssgridlegacy.no-cssgrid .blog-shortcode.blog-masonry-shortcode-id-dda30da098ee187ae0a9f24aa4d72ebd.resize-by-browser-width .dt-css-grid .wf-cell.double-width {\n    width: calc(50%)*2;\n  }\n}\n@media screen and (max-width: 767px) {\n  .blog-shortcode.blog-masonry-shortcode-id-dda30da098ee187ae0a9f24aa4d72ebd.resize-by-browser-width .dt-css-grid {\n    grid-template-columns: repeat(1,1fr);\n  }\n  .blog-shortcode.blog-masonry-shortcode-id-dda30da098ee187ae0a9f24aa4d72ebd.resize-by-browser-width .dt-css-grid .double-width {\n    grid-column: span 1;\n  }\n  .cssgridlegacy.no-cssgrid .blog-shortcode.blog-masonry-shortcode-id-dda30da098ee187ae0a9f24aa4d72ebd.resize-by-browser-width .dt-css-grid .wf-cell,\n  .no-cssgridlegacy.no-cssgrid .blog-shortcode.blog-masonry-shortcode-id-dda30da098ee187ae0a9f24aa4d72ebd.resize-by-browser-width .dt-css-grid .wf-cell {\n    width: 100%;\n  }\n  .cssgridlegacy.no-cssgrid .blog-shortcode.blog-masonry-shortcode-id-dda30da098ee187ae0a9f24aa4d72ebd.resize-by-browser-width .dt-css-grid .wf-cell.double-width,\n  .no-cssgridlegacy.no-cssgrid .blog-shortcode.blog-masonry-shortcode-id-dda30da098ee187ae0a9f24aa4d72ebd.resize-by-browser-width .dt-css-grid .wf-cell.double-width {\n    width: calc(100%)*2;\n  }\n}\n<\/style><div class=\"blog-shortcode blog-masonry-shortcode-id-dda30da098ee187ae0a9f24aa4d72ebd mode-grid classic-layout-list content-bg-on jquery-filter dt-css-grid-wrap dt-icon-bg-off resize-by-browser-width loading-effect-none description-under-image \" data-padding=\"25px\" data-cur-page=\"1\" data-post-limit=\"9\" data-pagination-mode=\"pages\" aria-live=\"assertive\" data-desktop-columns-num=\"3\" data-v-tablet-columns-num=\"2\" data-h-tablet-columns-num=\"3\" data-phone-columns-num=\"1\" data-width=\"0px\" data-columns=\"0\"><div class=\"dt-css-grid\" ><div class=\"visible wf-cell\" data-post-id=\"577\" data-date=\"2025-10-10T14:39:39-03:00\" data-name=\"Concientizaci\u00f3n sobre el c\u00e1ncer de mamas\"><article class=\"post project-odd visible post-577 type-post status-publish format-standard has-post-thumbnail hentry category-articulos category-13\" data-name=\"Concientizaci\u00f3n sobre el c\u00e1ncer de mamas\" data-date=\"2025-10-10T14:39:39-03:00\">\n\n<div class=\"post-thumbnail-wrap\">\n\t<div class=\"post-thumbnail\">\n\t\t\n\t\t\n\t\t<a href=\"https:\/\/ena.cl\/?p=577\" class=\"post-thumbnail-rollover layzr-bg layzr-bg\" ><img fetchpriority=\"high\" decoding=\"async\" class=\"iso-lazy-load preload-me iso-lazy-load aspect\" src=\"data:image\/svg+xml,%3Csvg%20xmlns%3D&#39;http%3A%2F%2Fwww.w3.org%2F2000%2Fsvg&#39;%20viewBox%3D&#39;0%200%20768%20512&#39;%2F%3E\" data-src=\"https:\/\/ena.cl\/wp-content\/uploads\/2025\/10\/campana-ena-octubre-1-scaled-768x512.jpg\" data-srcset=\"https:\/\/ena.cl\/wp-content\/uploads\/2025\/10\/campana-ena-octubre-1-scaled-768x512.jpg 768w, https:\/\/ena.cl\/wp-content\/uploads\/2025\/10\/campana-ena-octubre-1-scaled-1152x768.jpg 1152w\" loading=\"eager\" style=\"--ratio: 768 \/ 512\" sizes=\"(max-width: 768px) 100vw, 768px\" alt=\"\" title=\"campan\u0303a-ena-octubre\" width=\"768\" height=\"512\"  \/><\/a>\t<\/div>\n<\/div>\n\n\n<div class=\"post-entry-content\">\n\n\t<h3 class=\"entry-title\">\n\t\t<a href=\"https:\/\/ena.cl\/?p=577\" title=\"Concientizaci\u00f3n sobre el c\u00e1ncer de mamas\" rel=\"bookmark\">Concientizaci\u00f3n sobre el c\u00e1ncer de mamas<\/a>\n\t<\/h3>\n\n\t<div class=\"entry-meta\"><a href=\"https:\/\/ena.cl\/?m=20251010\" title=\"2:39 pm\" class=\"data-link\" rel=\"bookmark\"><time class=\"entry-date updated\" datetime=\"2025-10-10T14:39:39-03:00\">10 octubre, 2025<\/time><\/a><\/div>\n\t<div class=\"entry-excerpt\"><p>[vc_row][vc_column][vc_column_text] La Escuela Nacional de Administraci\u00f3n P\u00fablica se suma a la campa\u00f1a de concientizaci\u00f3n sobre el c\u00e1ncer de mamas. Por ello le ofrecemos los siguientes consejos e informaci\u00f3n general. \u00bfQue\u0301 es el c\u00e1ncer de seno? El c\u00e1ncer de seno (mama) es un tumor maligno que se origina en las ce\u0301lulas del seno. Un tumor maligno&hellip;<\/p>\n<\/div>\n\t\n<a href=\"https:\/\/ena.cl\/?p=577\" class=\"post-details details-type-link\" aria-label=\"Read more about Concientizaci\u00f3n sobre el c\u00e1ncer de mamas\">Leer m\u00e1s<i class=\"dt-icon-the7-arrow-03\" aria-hidden=\"true\"><\/i><\/a>\n\n<\/div><\/article><\/div><div class=\"visible wf-cell\" data-post-id=\"55876\" data-date=\"2025-09-16T06:11:00-03:00\" data-name=\"Fiestas patrias: Una instancia para potenciar las pr\u00e1cticas culturales en la alimentaci\u00f3n\"><article class=\"post project-odd visible post-55876 type-post status-publish format-standard has-post-thumbnail hentry category-articulos category-destacados category-13 category-449\" data-name=\"Fiestas patrias: Una instancia para potenciar las pr\u00e1cticas culturales en la alimentaci\u00f3n\" data-date=\"2025-09-16T06:11:00-03:00\">\n\n<div class=\"post-thumbnail-wrap\">\n\t<div class=\"post-thumbnail\">\n\t\t\n\t\t\n\t\t<a href=\"https:\/\/ena.cl\/?p=55876\" class=\"post-thumbnail-rollover layzr-bg layzr-bg\" ><img decoding=\"async\" class=\"iso-lazy-load preload-me iso-lazy-load aspect\" src=\"data:image\/svg+xml,%3Csvg%20xmlns%3D&#39;http%3A%2F%2Fwww.w3.org%2F2000%2Fsvg&#39;%20viewBox%3D&#39;0%200%20768%20512&#39;%2F%3E\" data-src=\"https:\/\/ena.cl\/wp-content\/uploads\/2024\/09\/chilenidad-articulo-768x512.png\" data-srcset=\"https:\/\/ena.cl\/wp-content\/uploads\/2024\/09\/chilenidad-articulo-768x512.png 768w, https:\/\/ena.cl\/wp-content\/uploads\/2024\/09\/chilenidad-articulo-811x541.png 811w\" loading=\"eager\" style=\"--ratio: 768 \/ 512\" sizes=\"(max-width: 768px) 100vw, 768px\" alt=\"\" title=\"chilenidad-articulo\" width=\"768\" height=\"512\"  \/><\/a>\t<\/div>\n<\/div>\n\n\n<div class=\"post-entry-content\">\n\n\t<h3 class=\"entry-title\">\n\t\t<a href=\"https:\/\/ena.cl\/?p=55876\" title=\"Fiestas patrias: Una instancia para potenciar las pr\u00e1cticas culturales en la alimentaci\u00f3n\" rel=\"bookmark\">Fiestas patrias: Una instancia para potenciar las pr\u00e1cticas culturales en la alimentaci\u00f3n<\/a>\n\t<\/h3>\n\n\t<div class=\"entry-meta\"><a href=\"https:\/\/ena.cl\/?m=20250916\" title=\"6:11 am\" class=\"data-link\" rel=\"bookmark\"><time class=\"entry-date updated\" datetime=\"2025-09-16T06:11:00-03:00\">16 septiembre, 2025<\/time><\/a><\/div>\n\t<div class=\"entry-excerpt\"><p>La identidad cultural y el sentimiento de pertenencia est\u00e1n estrechamente unidos a los territorios y los sistemas alimentarios, donde las tradiciones culinarias reflejan la variedad y diversidad de costumbres alimentarias de cada cultura, seg\u00fan establece la Organizaci\u00f3n de las Naciones Unidas para la Alimentaci\u00f3n y la Agricultura (FAO). A su vez que, una dieta saludable,&hellip;<\/p>\n<\/div>\n\t\n<a href=\"https:\/\/ena.cl\/?p=55876\" class=\"post-details details-type-link\" aria-label=\"Read more about Fiestas patrias: Una instancia para potenciar las pr\u00e1cticas culturales en la alimentaci\u00f3n\">Leer m\u00e1s<i class=\"dt-icon-the7-arrow-03\" aria-hidden=\"true\"><\/i><\/a>\n\n<\/div><\/article><\/div><div class=\"visible wf-cell\" data-post-id=\"56183\" data-date=\"2025-08-05T10:47:11-04:00\" data-name=\"Lactancia materna, un acto de amor y un compromiso con nuestro planeta\"><article class=\"post project-odd visible post-56183 type-post status-publish format-standard has-post-thumbnail hentry category-articulos category-13\" data-name=\"Lactancia materna, un acto de amor y un compromiso con nuestro planeta\" data-date=\"2025-08-05T10:47:11-04:00\">\n\n<div class=\"post-thumbnail-wrap\">\n\t<div class=\"post-thumbnail\">\n\t\t\n\t\t\n\t\t<a href=\"https:\/\/ena.cl\/?p=56183\" class=\"post-thumbnail-rollover layzr-bg layzr-bg\" ><img decoding=\"async\" class=\"iso-lazy-load preload-me iso-lazy-load aspect\" src=\"data:image\/svg+xml,%3Csvg%20xmlns%3D&#39;http%3A%2F%2Fwww.w3.org%2F2000%2Fsvg&#39;%20viewBox%3D&#39;0%200%20768%20512&#39;%2F%3E\" data-src=\"https:\/\/ena.cl\/wp-content\/uploads\/2025\/08\/logo-wbw2025-Spanish1-768x512.jpg\" data-srcset=\"https:\/\/ena.cl\/wp-content\/uploads\/2025\/08\/logo-wbw2025-Spanish1-768x512.jpg 768w, https:\/\/ena.cl\/wp-content\/uploads\/2025\/08\/logo-wbw2025-Spanish1-1152x768.jpg 1152w\" loading=\"eager\" style=\"--ratio: 768 \/ 512\" sizes=\"(max-width: 768px) 100vw, 768px\" alt=\"\" title=\"logo-wbw2025-Spanish(1)\" width=\"768\" height=\"512\"  \/><\/a>\t<\/div>\n<\/div>\n\n\n<div class=\"post-entry-content\">\n\n\t<h3 class=\"entry-title\">\n\t\t<a href=\"https:\/\/ena.cl\/?p=56183\" title=\"Lactancia materna, un acto de amor y un compromiso con nuestro planeta\" rel=\"bookmark\">Lactancia materna, un acto de amor y un compromiso con nuestro planeta<\/a>\n\t<\/h3>\n\n\t<div class=\"entry-meta\"><a href=\"https:\/\/ena.cl\/?m=20250805\" title=\"10:47 am\" class=\"data-link\" rel=\"bookmark\"><time class=\"entry-date updated\" datetime=\"2025-08-05T10:47:11-04:00\">5 agosto, 2025<\/time><\/a><\/div>\n\t<div class=\"entry-excerpt\"><p>[vc_row][vc_column][vc_single_image image=&#8221;56184&#8243; img_size=&#8221;full&#8221;][vc_column_text]Desde el 1\u00b0 y hasta el 7 de agosto se celebra la Semana Mundial de la Lactancia Materna (SMLM), impulsada por la Alianza Mundial Para la Acci\u00f3n a Favor de la Lactancia Materna (WABA) entidad que trabaja en conjunto con la Organizaci\u00f3n Mundial de la Salud (OMS), la UNICEF y diversas organizaciones internacionales,&hellip;<\/p>\n<\/div>\n\t\n<a href=\"https:\/\/ena.cl\/?p=56183\" class=\"post-details details-type-link\" aria-label=\"Read more about Lactancia materna, un acto de amor y un compromiso con nuestro planeta\">Leer m\u00e1s<i class=\"dt-icon-the7-arrow-03\" aria-hidden=\"true\"><\/i><\/a>\n\n<\/div><\/article><\/div><div class=\"visible wf-cell\" data-post-id=\"56103\" data-date=\"2025-05-03T13:32:30-04:00\" data-name=\"Semana Santa: una oportunidad para incorporar los productos marinos en nuestra alimentaci\u00f3n\"><article class=\"post project-odd visible post-56103 type-post status-publish format-standard has-post-thumbnail hentry category-articulos category-13\" data-name=\"Semana Santa: una oportunidad para incorporar los productos marinos en nuestra alimentaci\u00f3n\" data-date=\"2025-05-03T13:32:30-04:00\">\n\n<div class=\"post-thumbnail-wrap\">\n\t<div class=\"post-thumbnail\">\n\t\t\n\t\t\n\t\t<a href=\"https:\/\/ena.cl\/?p=56103\" class=\"post-thumbnail-rollover layzr-bg layzr-bg\" ><img decoding=\"async\" class=\"iso-lazy-load preload-me iso-lazy-load aspect\" src=\"data:image\/svg+xml,%3Csvg%20xmlns%3D&#39;http%3A%2F%2Fwww.w3.org%2F2000%2Fsvg&#39;%20viewBox%3D&#39;0%200%20600%20400&#39;%2F%3E\" data-src=\"https:\/\/ena.cl\/wp-content\/uploads\/2025\/05\/semana-santa-2025-600x400.png\" data-srcset=\"https:\/\/ena.cl\/wp-content\/uploads\/2025\/05\/semana-santa-2025-600x400.png 600w\" loading=\"eager\" style=\"--ratio: 600 \/ 400\" sizes=\"(max-width: 600px) 100vw, 600px\" alt=\"\" title=\"semana-santa-2025\" width=\"600\" height=\"400\"  \/><\/a>\t<\/div>\n<\/div>\n\n\n<div class=\"post-entry-content\">\n\n\t<h3 class=\"entry-title\">\n\t\t<a href=\"https:\/\/ena.cl\/?p=56103\" title=\"Semana Santa: una oportunidad para incorporar los productos marinos en nuestra alimentaci\u00f3n\" rel=\"bookmark\">Semana Santa: una oportunidad para incorporar los productos marinos en nuestra alimentaci\u00f3n<\/a>\n\t<\/h3>\n\n\t<div class=\"entry-meta\"><a href=\"https:\/\/ena.cl\/?m=20250503\" title=\"1:32 pm\" class=\"data-link\" rel=\"bookmark\"><time class=\"entry-date updated\" datetime=\"2025-05-03T13:32:30-04:00\">3 mayo, 2025<\/time><\/a><\/div>\n\t<div class=\"entry-excerpt\"><p>[vc_row][vc_column][vc_single_image image=&#8221;56104&#8243; img_size=&#8221;full&#8221;][vc_column_text]Se acerca uno de los feriados religiosos m\u00e1s importantes de occidente, Semana Santa y junto con ello la antigua pr\u00e1ctica cristiana de evitar el consumo de carne, reemplaz\u00e1ndola por pescado durante los d\u00edas previos al domingo de resurrecci\u00f3n. En este art\u00edculo analizaremos c\u00f3mo esta tradici\u00f3n, nos ofrece una oportunidad para revindicar la presencia&hellip;<\/p>\n<\/div>\n\t\n<a href=\"https:\/\/ena.cl\/?p=56103\" class=\"post-details details-type-link\" aria-label=\"Read more about Semana Santa: una oportunidad para incorporar los productos marinos en nuestra alimentaci\u00f3n\">Leer m\u00e1s<i class=\"dt-icon-the7-arrow-03\" aria-hidden=\"true\"><\/i><\/a>\n\n<\/div><\/article><\/div><div class=\"visible wf-cell\" data-post-id=\"56099\" data-date=\"2025-05-03T13:30:02-04:00\" data-name=\"\u00bfQu\u00e9 es la prisi\u00f3n preventiva?\"><article class=\"post project-odd visible post-56099 type-post status-publish format-standard has-post-thumbnail hentry category-articulos category-13\" data-name=\"\u00bfQu\u00e9 es la prisi\u00f3n preventiva?\" data-date=\"2025-05-03T13:30:02-04:00\">\n\n<div class=\"post-thumbnail-wrap\">\n\t<div class=\"post-thumbnail\">\n\t\t\n\t\t\n\t\t<a href=\"https:\/\/ena.cl\/?p=56099\" class=\"post-thumbnail-rollover layzr-bg layzr-bg\" ><img decoding=\"async\" class=\"iso-lazy-load preload-me iso-lazy-load aspect\" src=\"data:image\/svg+xml,%3Csvg%20xmlns%3D&#39;http%3A%2F%2Fwww.w3.org%2F2000%2Fsvg&#39;%20viewBox%3D&#39;0%200%20675%20450&#39;%2F%3E\" data-src=\"https:\/\/ena.cl\/wp-content\/uploads\/2025\/05\/prision-preventiva-675x450.png\" data-srcset=\"https:\/\/ena.cl\/wp-content\/uploads\/2025\/05\/prision-preventiva-675x450.png 675w, https:\/\/ena.cl\/wp-content\/uploads\/2025\/05\/prision-preventiva-675x449.png 675w\" loading=\"eager\" style=\"--ratio: 675 \/ 450\" sizes=\"(max-width: 675px) 100vw, 675px\" alt=\"\" title=\"prision-preventiva\" width=\"675\" height=\"450\"  \/><\/a>\t<\/div>\n<\/div>\n\n\n<div class=\"post-entry-content\">\n\n\t<h3 class=\"entry-title\">\n\t\t<a href=\"https:\/\/ena.cl\/?p=56099\" title=\"\u00bfQu\u00e9 es la prisi\u00f3n preventiva?\" rel=\"bookmark\">\u00bfQu\u00e9 es la prisi\u00f3n preventiva?<\/a>\n\t<\/h3>\n\n\t<div class=\"entry-meta\"><a href=\"https:\/\/ena.cl\/?m=20250503\" title=\"1:30 pm\" class=\"data-link\" rel=\"bookmark\"><time class=\"entry-date updated\" datetime=\"2025-05-03T13:30:02-04:00\">3 mayo, 2025<\/time><\/a><\/div>\n\t<div class=\"entry-excerpt\"><p>[vc_row][vc_column][vc_single_image image=&#8221;56100&#8243; img_size=&#8221;full&#8221;][vc_column_text]La prisi\u00f3n preventiva es una medida cautelar decretada en una audiencia, mediante resoluci\u00f3n, por un juez de la Rep\u00fablica -llamado \u201cde garant\u00eda\u201d- que priva de su libertad a una persona que est\u00e1 siendo investigada por su participaci\u00f3n en un delito. A este sujeto, en t\u00e9rminos legales, se le denomina \u201cimputado\u201d y corresponde a&hellip;<\/p>\n<\/div>\n\t\n<a href=\"https:\/\/ena.cl\/?p=56099\" class=\"post-details details-type-link\" aria-label=\"Read more about \u00bfQu\u00e9 es la prisi\u00f3n preventiva?\">Leer m\u00e1s<i class=\"dt-icon-the7-arrow-03\" aria-hidden=\"true\"><\/i><\/a>\n\n<\/div><\/article><\/div><div class=\"visible wf-cell\" data-post-id=\"56096\" data-date=\"2025-05-03T13:28:27-04:00\" data-name=\"Vacaciones, verano y c\u00f3mo mantener estilos de vida saludable en la infancia, estrategias para sobrellevar esta temporada y no morir en el intento\"><article class=\"post project-odd visible post-56096 type-post status-publish format-standard has-post-thumbnail hentry category-articulos category-13\" data-name=\"Vacaciones, verano y c\u00f3mo mantener estilos de vida saludable en la infancia, estrategias para sobrellevar esta temporada y no morir en el intento\" data-date=\"2025-05-03T13:28:27-04:00\">\n\n<div class=\"post-thumbnail-wrap\">\n\t<div class=\"post-thumbnail\">\n\t\t\n\t\t\n\t\t<a href=\"https:\/\/ena.cl\/?p=56096\" class=\"post-thumbnail-rollover layzr-bg layzr-bg\" ><img decoding=\"async\" class=\"iso-lazy-load preload-me iso-lazy-load aspect\" src=\"data:image\/svg+xml,%3Csvg%20xmlns%3D&#39;http%3A%2F%2Fwww.w3.org%2F2000%2Fsvg&#39;%20viewBox%3D&#39;0%200%20600%20400&#39;%2F%3E\" data-src=\"https:\/\/ena.cl\/wp-content\/uploads\/2025\/05\/verano-2025-600x400.png\" data-srcset=\"https:\/\/ena.cl\/wp-content\/uploads\/2025\/05\/verano-2025-600x400.png 600w\" loading=\"eager\" style=\"--ratio: 600 \/ 400\" sizes=\"(max-width: 600px) 100vw, 600px\" alt=\"\" title=\"verano-2025\" width=\"600\" height=\"400\"  \/><\/a>\t<\/div>\n<\/div>\n\n\n<div class=\"post-entry-content\">\n\n\t<h3 class=\"entry-title\">\n\t\t<a href=\"https:\/\/ena.cl\/?p=56096\" title=\"Vacaciones, verano y c\u00f3mo mantener estilos de vida saludable en la infancia, estrategias para sobrellevar esta temporada y no morir en el intento\" rel=\"bookmark\">Vacaciones, verano y c\u00f3mo mantener estilos de vida saludable en la infancia, estrategias para sobrellevar esta temporada y no morir en el intento<\/a>\n\t<\/h3>\n\n\t<div class=\"entry-meta\"><a href=\"https:\/\/ena.cl\/?m=20250503\" title=\"1:28 pm\" class=\"data-link\" rel=\"bookmark\"><time class=\"entry-date updated\" datetime=\"2025-05-03T13:28:27-04:00\">3 mayo, 2025<\/time><\/a><\/div>\n\t<div class=\"entry-excerpt\"><p>[vc_row][vc_column][vc_column_text] [\/vc_column_text][vc_column_text]Llega la \u00e9poca de calor en nuestro pa\u00eds y con ello las vacaciones de los m\u00e1s peque\u00f1os del hogar, los ni\u00f1os, ni\u00f1as y adolescentes, sin embargo, verano y vacaciones no son lo mismo. \u00bfHas notado que tu hijo o hija est\u00e1 m\u00e1s irritable? \u00bfhan aumentado la cantidad de \u201cpataletas\u201d o su intensidad? \u00bfest\u00e1 m\u00e1s&hellip;<\/p>\n<\/div>\n\t\n<a href=\"https:\/\/ena.cl\/?p=56096\" class=\"post-details details-type-link\" aria-label=\"Read more about Vacaciones, verano y c\u00f3mo mantener estilos de vida saludable en la infancia, estrategias para sobrellevar esta temporada y no morir en el intento\">Leer m\u00e1s<i class=\"dt-icon-the7-arrow-03\" aria-hidden=\"true\"><\/i><\/a>\n\n<\/div><\/article><\/div><div class=\"visible wf-cell\" data-post-id=\"55830\" data-date=\"2024-08-16T09:16:28-04:00\" data-name=\"Semana Mundial de la Lactancia Materna 2024: \u201cCerrando la brecha: apoyo a la lactancia materna en todas las situaciones\u201d\"><article class=\"post project-odd visible post-55830 type-post status-publish format-standard has-post-thumbnail hentry category-articulos category-13\" data-name=\"Semana Mundial de la Lactancia Materna 2024: \u201cCerrando la brecha: apoyo a la lactancia materna en todas las situaciones\u201d\" data-date=\"2024-08-16T09:16:28-04:00\">\n\n<div class=\"post-thumbnail-wrap\">\n\t<div class=\"post-thumbnail\">\n\t\t\n\t\t\n\t\t<a href=\"https:\/\/ena.cl\/?p=55830\" class=\"post-thumbnail-rollover layzr-bg layzr-bg\" ><img decoding=\"async\" class=\"iso-lazy-load preload-me iso-lazy-load aspect\" src=\"data:image\/svg+xml,%3Csvg%20xmlns%3D&#39;http%3A%2F%2Fwww.w3.org%2F2000%2Fsvg&#39;%20viewBox%3D&#39;0%200%20684%20456&#39;%2F%3E\" data-src=\"https:\/\/ena.cl\/wp-content\/uploads\/2024\/08\/lactancia-2024-1-684x456.png\" data-srcset=\"https:\/\/ena.cl\/wp-content\/uploads\/2024\/08\/lactancia-2024-1-684x456.png 684w\" loading=\"eager\" style=\"--ratio: 684 \/ 456\" sizes=\"(max-width: 684px) 100vw, 684px\" alt=\"\" title=\"lactancia-2024\" width=\"684\" height=\"456\"  \/><\/a>\t<\/div>\n<\/div>\n\n\n<div class=\"post-entry-content\">\n\n\t<h3 class=\"entry-title\">\n\t\t<a href=\"https:\/\/ena.cl\/?p=55830\" title=\"Semana Mundial de la Lactancia Materna 2024: \u201cCerrando la brecha: apoyo a la lactancia materna en todas las situaciones\u201d\" rel=\"bookmark\">Semana Mundial de la Lactancia Materna 2024: \u201cCerrando la brecha: apoyo a la lactancia materna en todas las situaciones\u201d<\/a>\n\t<\/h3>\n\n\t<div class=\"entry-meta\"><a href=\"https:\/\/ena.cl\/?m=20240816\" title=\"9:16 am\" class=\"data-link\" rel=\"bookmark\"><time class=\"entry-date updated\" datetime=\"2024-08-16T09:16:28-04:00\">16 agosto, 2024<\/time><\/a><\/div>\n\t<div class=\"entry-excerpt\"><p>Desde el 1\u00b0 y hasta el 7 de agosto se celebr\u00f3 la Semana Mundial de la Lactancia Materna (SMLM), impulsada por la Alianza Mundial Para la Acci\u00f3n a Favor de la Lactancia Materna (WABA) entidad que trabaja en conjunto con la Organizaci\u00f3n Mundial de la Salud (OMS), la UNICEF y diversas organizaciones, para promover la&hellip;<\/p>\n<\/div>\n\t\n<a href=\"https:\/\/ena.cl\/?p=55830\" class=\"post-details details-type-link\" aria-label=\"Read more about Semana Mundial de la Lactancia Materna 2024: \u201cCerrando la brecha: apoyo a la lactancia materna en todas las situaciones\u201d\">Leer m\u00e1s<i class=\"dt-icon-the7-arrow-03\" aria-hidden=\"true\"><\/i><\/a>\n\n<\/div><\/article><\/div><div class=\"visible wf-cell\" data-post-id=\"4753\" data-date=\"2024-08-12T08:27:05-04:00\" data-name=\"Agosto, mes de la Solidaridad: Honrando el legado del Padre Alberto Hurtado en la Funci\u00f3n P\u00fablica chilena.\"><article class=\"post project-odd visible post-4753 type-post status-publish format-standard has-post-thumbnail hentry category-articulos category-13\" data-name=\"Agosto, mes de la Solidaridad: Honrando el legado del Padre Alberto Hurtado en la Funci\u00f3n P\u00fablica chilena.\" data-date=\"2024-08-12T08:27:05-04:00\">\n\n<div class=\"post-thumbnail-wrap\">\n\t<div class=\"post-thumbnail\">\n\t\t\n\t\t\n\t\t<a href=\"https:\/\/ena.cl\/?p=4753\" class=\"post-thumbnail-rollover layzr-bg layzr-bg\" ><img decoding=\"async\" class=\"iso-lazy-load preload-me iso-lazy-load aspect\" src=\"data:image\/svg+xml,%3Csvg%20xmlns%3D&#39;http%3A%2F%2Fwww.w3.org%2F2000%2Fsvg&#39;%20viewBox%3D&#39;0%200%20768%20512&#39;%2F%3E\" data-src=\"https:\/\/ena.cl\/wp-content\/uploads\/2024\/08\/nota-768x512.png\" data-srcset=\"https:\/\/ena.cl\/wp-content\/uploads\/2024\/08\/nota-768x512.png 768w, https:\/\/ena.cl\/wp-content\/uploads\/2024\/08\/nota-1065x710.png 1065w\" loading=\"eager\" style=\"--ratio: 768 \/ 512\" sizes=\"(max-width: 768px) 100vw, 768px\" alt=\"\" title=\"nota\" width=\"768\" height=\"512\"  \/><\/a>\t<\/div>\n<\/div>\n\n\n<div class=\"post-entry-content\">\n\n\t<h3 class=\"entry-title\">\n\t\t<a href=\"https:\/\/ena.cl\/?p=4753\" title=\"Agosto, mes de la Solidaridad: Honrando el legado del Padre Alberto Hurtado en la Funci\u00f3n P\u00fablica chilena.\" rel=\"bookmark\">Agosto, mes de la Solidaridad: Honrando el legado del Padre Alberto Hurtado en la Funci\u00f3n P\u00fablica chilena.<\/a>\n\t<\/h3>\n\n\t<div class=\"entry-meta\"><a href=\"https:\/\/ena.cl\/?m=20240812\" title=\"8:27 am\" class=\"data-link\" rel=\"bookmark\"><time class=\"entry-date updated\" datetime=\"2024-08-12T08:27:05-04:00\">12 agosto, 2024<\/time><\/a><\/div>\n\t<div class=\"entry-excerpt\"><p>El Mes de la Solidaridad no solo conmemora la partida del Padre Alberto Hurtado Cruchaga el d\u00eda 18 de agosto de 1952, sino que tambi\u00e9n nos desaf\u00eda a llevar adelante su legado en la acci\u00f3n diaria. Su dedicaci\u00f3n a la justicia social y la dignidad de los menos privilegiados sigue siendo una fuente de inspiraci\u00f3n&hellip;<\/p>\n<\/div>\n\t\n<a href=\"https:\/\/ena.cl\/?p=4753\" class=\"post-details details-type-link\" aria-label=\"Read more about Agosto, mes de la Solidaridad: Honrando el legado del Padre Alberto Hurtado en la Funci\u00f3n P\u00fablica chilena.\">Leer m\u00e1s<i class=\"dt-icon-the7-arrow-03\" aria-hidden=\"true\"><\/i><\/a>\n\n<\/div><\/article><\/div><div class=\"visible wf-cell\" data-post-id=\"5024\" data-date=\"2024-05-30T11:33:26-04:00\" data-name=\"La Liquidaci\u00f3n de Remuneraciones para las y los trabajadores en Chile.\"><article class=\"post project-odd visible post-5024 type-post status-publish format-standard has-post-thumbnail hentry category-articulos category-noticias category-13 category-2\" data-name=\"La Liquidaci\u00f3n de Remuneraciones para las y los trabajadores en Chile.\" data-date=\"2024-05-30T11:33:26-04:00\">\n\n<div class=\"post-thumbnail-wrap\">\n\t<div class=\"post-thumbnail\">\n\t\t\n\t\t\n\t\t<a href=\"https:\/\/ena.cl\/?p=5024\" class=\"post-thumbnail-rollover layzr-bg layzr-bg\" ><img decoding=\"async\" class=\"iso-lazy-load preload-me iso-lazy-load aspect\" src=\"data:image\/svg+xml,%3Csvg%20xmlns%3D&#39;http%3A%2F%2Fwww.w3.org%2F2000%2Fsvg&#39;%20viewBox%3D&#39;0%200%20768%20512&#39;%2F%3E\" data-src=\"https:\/\/ena.cl\/wp-content\/uploads\/2024\/05\/remuneraciones-768x512.jpg\" data-srcset=\"https:\/\/ena.cl\/wp-content\/uploads\/2024\/05\/remuneraciones-768x512.jpg 768w, https:\/\/ena.cl\/wp-content\/uploads\/2024\/05\/remuneraciones-1125x750.jpg 1125w\" loading=\"eager\" style=\"--ratio: 768 \/ 512\" sizes=\"(max-width: 768px) 100vw, 768px\" alt=\"\" title=\"remuneraciones\" width=\"768\" height=\"512\"  \/><\/a>\t<\/div>\n<\/div>\n\n\n<div class=\"post-entry-content\">\n\n\t<h3 class=\"entry-title\">\n\t\t<a href=\"https:\/\/ena.cl\/?p=5024\" title=\"La Liquidaci\u00f3n de Remuneraciones para las y los trabajadores en Chile.\" rel=\"bookmark\">La Liquidaci\u00f3n de Remuneraciones para las y los trabajadores en Chile.<\/a>\n\t<\/h3>\n\n\t<div class=\"entry-meta\"><a href=\"https:\/\/ena.cl\/?m=20240530\" title=\"11:33 am\" class=\"data-link\" rel=\"bookmark\"><time class=\"entry-date updated\" datetime=\"2024-05-30T11:33:26-04:00\">30 mayo, 2024<\/time><\/a><\/div>\n\t<div class=\"entry-excerpt\"><p>&nbsp; Paul Valdivia Poblete Contador Auditor, Profesor de Funci\u00f3n P\u00fablica y R\u00e9gimen Estatutario, especialista en Administraci\u00f3n Financiera del Estado, Universidad Arturo Prat. Mag\u00edster en Gerencia P\u00fablica, Mag\u00edster en Administraci\u00f3n y Direcci\u00f3n de Empresas (MBA), Post t\u00edtulo en Inform\u00e1tica Estrat\u00e9gica, Universidad de Santiago de Chile. Diplomado en Gesti\u00f3n P\u00fablica por la FLACSO \u2013 Chile. Diplomado en&hellip;<\/p>\n<\/div>\n\t\n<a href=\"https:\/\/ena.cl\/?p=5024\" class=\"post-details details-type-link\" aria-label=\"Read more about La Liquidaci\u00f3n de Remuneraciones para las y los trabajadores en Chile.\">Leer m\u00e1s<i class=\"dt-icon-the7-arrow-03\" aria-hidden=\"true\"><\/i><\/a>\n\n<\/div><\/article><\/div><div class=\"hidden wf-cell\" data-post-id=\"5017\" data-date=\"2024-05-23T11:48:31-04:00\" data-name=\"\u00bfCrees que caminas r\u00e1pido? Un nuevo estudio en poblaci\u00f3n chilena demuestra que podr\u00eda traer beneficios adicionales para la salud\"><article class=\"post project-odd visible post-5017 type-post status-publish format-standard has-post-thumbnail hentry category-articulos category-13\" data-name=\"\u00bfCrees que caminas r\u00e1pido? Un nuevo estudio en poblaci\u00f3n chilena demuestra que podr\u00eda traer beneficios adicionales para la salud\" data-date=\"2024-05-23T11:48:31-04:00\">\n\n<div class=\"post-thumbnail-wrap\">\n\t<div class=\"post-thumbnail\">\n\t\t\n\t\t\n\t\t<a href=\"https:\/\/ena.cl\/?p=5017\" class=\"post-thumbnail-rollover layzr-bg layzr-bg\" ><img decoding=\"async\" class=\"iso-lazy-load preload-me iso-lazy-load aspect\" src=\"data:image\/svg+xml,%3Csvg%20xmlns%3D&#39;http%3A%2F%2Fwww.w3.org%2F2000%2Fsvg&#39;%20viewBox%3D&#39;0%200%20768%20512&#39;%2F%3E\" data-src=\"https:\/\/ena.cl\/wp-content\/uploads\/2024\/05\/caminar-768x512.jpg\" data-srcset=\"https:\/\/ena.cl\/wp-content\/uploads\/2024\/05\/caminar-768x512.jpg 768w, https:\/\/ena.cl\/wp-content\/uploads\/2024\/05\/caminar-1152x768.jpg 1152w\" loading=\"eager\" style=\"--ratio: 768 \/ 512\" sizes=\"(max-width: 768px) 100vw, 768px\" alt=\"\" title=\"caminar\" width=\"768\" height=\"512\"  \/><\/a>\t<\/div>\n<\/div>\n\n\n<div class=\"post-entry-content\">\n\n\t<h3 class=\"entry-title\">\n\t\t<a href=\"https:\/\/ena.cl\/?p=5017\" title=\"\u00bfCrees que caminas r\u00e1pido? Un nuevo estudio en poblaci\u00f3n chilena demuestra que podr\u00eda traer beneficios adicionales para la salud\" rel=\"bookmark\">\u00bfCrees que caminas r\u00e1pido? Un nuevo estudio en poblaci\u00f3n chilena demuestra que podr\u00eda traer beneficios adicionales para la salud<\/a>\n\t<\/h3>\n\n\t<div class=\"entry-meta\"><a href=\"https:\/\/ena.cl\/?m=20240523\" title=\"11:48 am\" class=\"data-link\" rel=\"bookmark\"><time class=\"entry-date updated\" datetime=\"2024-05-23T11:48:31-04:00\">23 mayo, 2024<\/time><\/a><\/div>\n\t<div class=\"entry-excerpt\"><p>&nbsp; Nicole Lasserre-Laso Nutricionista, MSc. Nutrici\u00f3n Humana Acad\u00e9mica Escuela Nutrici\u00f3n y Diet\u00e9tica Universidad Santo Tom\u00e1s Investigadora Consorcio ELHOC Research Si bien, se han reportado importantes beneficios asociados a una pr\u00e1ctica regular de actividad f\u00edsica, se estima que a nivel mundial 27,5% de la poblaci\u00f3n adulta es f\u00edsicamente inactiva, es decir, realiza menos de 150 minutos&hellip;<\/p>\n<\/div>\n\t\n<a href=\"https:\/\/ena.cl\/?p=5017\" class=\"post-details details-type-link\" aria-label=\"Read more about \u00bfCrees que caminas r\u00e1pido? Un nuevo estudio en poblaci\u00f3n chilena demuestra que podr\u00eda traer beneficios adicionales para la salud\">Leer m\u00e1s<i class=\"dt-icon-the7-arrow-03\" aria-hidden=\"true\"><\/i><\/a>\n\n<\/div><\/article><\/div><div class=\"hidden wf-cell\" data-post-id=\"5011\" data-date=\"2024-05-14T09:53:13-04:00\" data-name=\"Aprender a ser integrante de tu equipo de trabajo\"><article class=\"post project-odd visible post-5011 type-post status-publish format-standard has-post-thumbnail hentry category-articulos category-13\" data-name=\"Aprender a ser integrante de tu equipo de trabajo\" data-date=\"2024-05-14T09:53:13-04:00\">\n\n<div class=\"post-thumbnail-wrap\">\n\t<div class=\"post-thumbnail\">\n\t\t\n\t\t\n\t\t<a href=\"https:\/\/ena.cl\/?p=5011\" class=\"post-thumbnail-rollover layzr-bg layzr-bg\" ><img decoding=\"async\" class=\"iso-lazy-load preload-me iso-lazy-load aspect\" src=\"data:image\/svg+xml,%3Csvg%20xmlns%3D&#39;http%3A%2F%2Fwww.w3.org%2F2000%2Fsvg&#39;%20viewBox%3D&#39;0%200%20768%20512&#39;%2F%3E\" data-src=\"https:\/\/ena.cl\/wp-content\/uploads\/2024\/05\/equipo-de-trabajo-768x512.jpg\" data-srcset=\"https:\/\/ena.cl\/wp-content\/uploads\/2024\/05\/equipo-de-trabajo-768x512.jpg 768w, https:\/\/ena.cl\/wp-content\/uploads\/2024\/05\/equipo-de-trabajo-1152x768.jpg 1152w\" loading=\"eager\" style=\"--ratio: 768 \/ 512\" sizes=\"(max-width: 768px) 100vw, 768px\" alt=\"\" title=\"equipo-de-trabajo\" width=\"768\" height=\"512\"  \/><\/a>\t<\/div>\n<\/div>\n\n\n<div class=\"post-entry-content\">\n\n\t<h3 class=\"entry-title\">\n\t\t<a href=\"https:\/\/ena.cl\/?p=5011\" title=\"Aprender a ser integrante de tu equipo de trabajo\" rel=\"bookmark\">Aprender a ser integrante de tu equipo de trabajo<\/a>\n\t<\/h3>\n\n\t<div class=\"entry-meta\"><a href=\"https:\/\/ena.cl\/?m=20240514\" title=\"9:53 am\" class=\"data-link\" rel=\"bookmark\"><time class=\"entry-date updated\" datetime=\"2024-05-14T09:53:13-04:00\">14 mayo, 2024<\/time><\/a><\/div>\n\t<div class=\"entry-excerpt\"><p>&nbsp; &nbsp; &nbsp; Ximena A. Peralta Molina Psic\u00f3loga Organizacional Master en Estrategias para el Capital Humano. En el din\u00e1mico panorama laboral del siglo XXI, la colaboraci\u00f3n y el trabajo en equipo se han convertido en habilidades esenciales para el \u00e9xito individual y colectivo. La interconexi\u00f3n global, la constante innovaci\u00f3n y la naturaleza cambiante de los&hellip;<\/p>\n<\/div>\n\t\n<a href=\"https:\/\/ena.cl\/?p=5011\" class=\"post-details details-type-link\" aria-label=\"Read more about Aprender a ser integrante de tu equipo de trabajo\">Leer m\u00e1s<i class=\"dt-icon-the7-arrow-03\" aria-hidden=\"true\"><\/i><\/a>\n\n<\/div><\/article><\/div><div class=\"hidden wf-cell\" data-post-id=\"5002\" data-date=\"2024-05-09T10:41:02-04:00\" data-name=\"Alimentaci\u00f3n emocional, qu\u00e9 debemos saber para identificar y tratar la ingesta frente a emociones\"><article class=\"post project-odd visible post-5002 type-post status-publish format-standard has-post-thumbnail hentry category-articulos category-13\" data-name=\"Alimentaci\u00f3n emocional, qu\u00e9 debemos saber para identificar y tratar la ingesta frente a emociones\" data-date=\"2024-05-09T10:41:02-04:00\">\n\n<div class=\"post-thumbnail-wrap\">\n\t<div class=\"post-thumbnail\">\n\t\t\n\t\t\n\t\t<a href=\"https:\/\/ena.cl\/?p=5002\" class=\"post-thumbnail-rollover layzr-bg layzr-bg\" ><img decoding=\"async\" class=\"iso-lazy-load preload-me iso-lazy-load aspect\" src=\"data:image\/svg+xml,%3Csvg%20xmlns%3D&#39;http%3A%2F%2Fwww.w3.org%2F2000%2Fsvg&#39;%20viewBox%3D&#39;0%200%20768%20512&#39;%2F%3E\" data-src=\"https:\/\/ena.cl\/wp-content\/uploads\/2024\/05\/articulo-alimentacion-emocional-768x512.jpg\" data-srcset=\"https:\/\/ena.cl\/wp-content\/uploads\/2024\/05\/articulo-alimentacion-emocional-768x512.jpg 768w, https:\/\/ena.cl\/wp-content\/uploads\/2024\/05\/articulo-alimentacion-emocional-868x579.jpg 868w\" loading=\"eager\" style=\"--ratio: 768 \/ 512\" sizes=\"(max-width: 768px) 100vw, 768px\" alt=\"\" title=\"articulo-alimentacion-emocional\" width=\"768\" height=\"512\"  \/><\/a>\t<\/div>\n<\/div>\n\n\n<div class=\"post-entry-content\">\n\n\t<h3 class=\"entry-title\">\n\t\t<a href=\"https:\/\/ena.cl\/?p=5002\" title=\"Alimentaci\u00f3n emocional, qu\u00e9 debemos saber para identificar y tratar la ingesta frente a emociones\" rel=\"bookmark\">Alimentaci\u00f3n emocional, qu\u00e9 debemos saber para identificar y tratar la ingesta frente a emociones<\/a>\n\t<\/h3>\n\n\t<div class=\"entry-meta\"><a href=\"https:\/\/ena.cl\/?m=20240509\" title=\"10:41 am\" class=\"data-link\" rel=\"bookmark\"><time class=\"entry-date updated\" datetime=\"2024-05-09T10:41:02-04:00\">9 mayo, 2024<\/time><\/a><\/div>\n\t<div class=\"entry-excerpt\"><p>&nbsp; &nbsp; Nicole Lasserre-Laso Nutricionista, MSc. Nutrici\u00f3n Humana Acad\u00e9mica Escuela Nutrici\u00f3n y Diet\u00e9tica Universidad Santo Tom\u00e1s Investigadora Consorcio ELHOC Research Valentina Inostroza-Saelzer Nutricionista, MSc. Nutrici\u00f3n Humana Especialista en Alimentaci\u00f3n Basada en Plantas Consultora en Descodificaci\u00f3n Psicobiol\u00f3gica \u00a9 Mundialmente, la obesidad y el sedentarismo se han convertido en dos de los factores de riesgo m\u00e1s importante&hellip;<\/p>\n<\/div>\n\t\n<a href=\"https:\/\/ena.cl\/?p=5002\" class=\"post-details details-type-link\" aria-label=\"Read more about Alimentaci\u00f3n emocional, qu\u00e9 debemos saber para identificar y tratar la ingesta frente a emociones\">Leer m\u00e1s<i class=\"dt-icon-the7-arrow-03\" aria-hidden=\"true\"><\/i><\/a>\n\n<\/div><\/article><\/div><div class=\"hidden wf-cell\" data-post-id=\"4989\" data-date=\"2024-04-18T11:50:43-04:00\" data-name=\"Operaci\u00f3n Renta 2024: Novedades, Beneficios y Nuevos Tipos de Rentas para Personas Naturales.\"><article class=\"post project-odd visible post-4989 type-post status-publish format-standard has-post-thumbnail hentry category-articulos category-13\" data-name=\"Operaci\u00f3n Renta 2024: Novedades, Beneficios y Nuevos Tipos de Rentas para Personas Naturales.\" data-date=\"2024-04-18T11:50:43-04:00\">\n\n<div class=\"post-thumbnail-wrap\">\n\t<div class=\"post-thumbnail\">\n\t\t\n\t\t\n\t\t<a href=\"https:\/\/ena.cl\/?p=4989\" class=\"post-thumbnail-rollover layzr-bg layzr-bg\" ><img decoding=\"async\" class=\"iso-lazy-load preload-me iso-lazy-load aspect\" src=\"data:image\/svg+xml,%3Csvg%20xmlns%3D&#39;http%3A%2F%2Fwww.w3.org%2F2000%2Fsvg&#39;%20viewBox%3D&#39;0%200%20768%20512&#39;%2F%3E\" data-src=\"https:\/\/ena.cl\/wp-content\/uploads\/2024\/04\/renta-2024-768x512.jpg\" data-srcset=\"https:\/\/ena.cl\/wp-content\/uploads\/2024\/04\/renta-2024-768x512.jpg 768w, https:\/\/ena.cl\/wp-content\/uploads\/2024\/04\/renta-2024-870x580.jpg 870w\" loading=\"eager\" style=\"--ratio: 768 \/ 512\" sizes=\"(max-width: 768px) 100vw, 768px\" alt=\"\" title=\"renta-2024\" width=\"768\" height=\"512\"  \/><\/a>\t<\/div>\n<\/div>\n\n\n<div class=\"post-entry-content\">\n\n\t<h3 class=\"entry-title\">\n\t\t<a href=\"https:\/\/ena.cl\/?p=4989\" title=\"Operaci\u00f3n Renta 2024: Novedades, Beneficios y Nuevos Tipos de Rentas para Personas Naturales.\" rel=\"bookmark\">Operaci\u00f3n Renta 2024: Novedades, Beneficios y Nuevos Tipos de Rentas para Personas Naturales.<\/a>\n\t<\/h3>\n\n\t<div class=\"entry-meta\"><a href=\"https:\/\/ena.cl\/?m=20240418\" title=\"11:50 am\" class=\"data-link\" rel=\"bookmark\"><time class=\"entry-date updated\" datetime=\"2024-04-18T11:50:43-04:00\">18 abril, 2024<\/time><\/a><\/div>\n\t<div class=\"entry-excerpt\"><p>Art\u00edculo de Paul Valdivia Poblete Contador Auditor Mag\u00edster en Gerencia P\u00fablica Post t\u00edtulo en Inform\u00e1tica Estrat\u00e9gica El pasado lunes 1 de abril se dio inicio al proceso de Declaraci\u00f3n Renta 2024, el Servicio de Impuestos Internos (SII) espera recibir 4.700.000 declaraciones de Renta de contribuyentes y pondr\u00e1 a disposici\u00f3n propuesta para 3.900.000 contribuyentes, que se&hellip;<\/p>\n<\/div>\n\t\n<a href=\"https:\/\/ena.cl\/?p=4989\" class=\"post-details details-type-link\" aria-label=\"Read more about Operaci\u00f3n Renta 2024: Novedades, Beneficios y Nuevos Tipos de Rentas para Personas Naturales.\">Leer m\u00e1s<i class=\"dt-icon-the7-arrow-03\" aria-hidden=\"true\"><\/i><\/a>\n\n<\/div><\/article><\/div><div class=\"hidden wf-cell\" data-post-id=\"4976\" data-date=\"2024-04-09T12:23:23-04:00\" data-name=\"La nueva ley Karin:\u00bfConoces los cambios en el concepto de  acoso en el mundo del trabajo?\"><article class=\"post project-odd visible post-4976 type-post status-publish format-standard has-post-thumbnail hentry category-articulos category-13\" data-name=\"La nueva ley Karin:\u00bfConoces los cambios en el concepto de  acoso en el mundo del trabajo?\" data-date=\"2024-04-09T12:23:23-04:00\">\n\n<div class=\"post-thumbnail-wrap\">\n\t<div class=\"post-thumbnail\">\n\t\t\n\t\t\n\t\t<a href=\"https:\/\/ena.cl\/?p=4976\" class=\"post-thumbnail-rollover layzr-bg layzr-bg\" ><img decoding=\"async\" class=\"iso-lazy-load preload-me iso-lazy-load aspect\" src=\"data:image\/svg+xml,%3Csvg%20xmlns%3D&#39;http%3A%2F%2Fwww.w3.org%2F2000%2Fsvg&#39;%20viewBox%3D&#39;0%200%20768%20512&#39;%2F%3E\" data-src=\"https:\/\/ena.cl\/wp-content\/uploads\/2024\/04\/ley-karin-1-768x512.png\" data-srcset=\"https:\/\/ena.cl\/wp-content\/uploads\/2024\/04\/ley-karin-1-768x512.png 768w, https:\/\/ena.cl\/wp-content\/uploads\/2024\/04\/ley-karin-1-870x580.png 870w\" loading=\"eager\" style=\"--ratio: 768 \/ 512\" sizes=\"(max-width: 768px) 100vw, 768px\" alt=\"\" title=\"ley-karin\" width=\"768\" height=\"512\"  \/><\/a>\t<\/div>\n<\/div>\n\n\n<div class=\"post-entry-content\">\n\n\t<h3 class=\"entry-title\">\n\t\t<a href=\"https:\/\/ena.cl\/?p=4976\" title=\"La nueva ley Karin:\u00bfConoces los cambios en el concepto de  acoso en el mundo del trabajo?\" rel=\"bookmark\">La nueva ley Karin:\u00bfConoces los cambios en el concepto de  acoso en el mundo del trabajo?<\/a>\n\t<\/h3>\n\n\t<div class=\"entry-meta\"><a href=\"https:\/\/ena.cl\/?m=20240409\" title=\"12:23 pm\" class=\"data-link\" rel=\"bookmark\"><time class=\"entry-date updated\" datetime=\"2024-04-09T12:23:23-04:00\">9 abril, 2024<\/time><\/a><\/div>\n\t<div class=\"entry-excerpt\"><p>El pasado d\u00eda 15 de enero de 2024 se publica la Ley 21.643 que modifica el c\u00f3digo del trabajo y otros cuerpos legales, en materia de prevenci\u00f3n, investigaci\u00f3n y sanci\u00f3n del acoso laboral, sexual o de violencia en el trabajo, en adelante &#8220;La Ley Karin&#8221;, en reconocimiento a la funcionaria Karin Salgado, T\u00e9cnico en Enfermer\u00eda&hellip;<\/p>\n<\/div>\n\t\n<a href=\"https:\/\/ena.cl\/?p=4976\" class=\"post-details details-type-link\" aria-label=\"Read more about La nueva ley Karin:\u00bfConoces los cambios en el concepto de  acoso en el mundo del trabajo?\">Leer m\u00e1s<i class=\"dt-icon-the7-arrow-03\" aria-hidden=\"true\"><\/i><\/a>\n\n<\/div><\/article><\/div><div class=\"hidden wf-cell\" data-post-id=\"4970\" data-date=\"2024-04-04T10:36:08-03:00\" data-name=\"El caso audios golpe\u00f3 la institucionalidad, pero no la ha derrotado\"><article class=\"post project-odd visible post-4970 type-post status-publish format-standard has-post-thumbnail hentry category-articulos category-13\" data-name=\"El caso audios golpe\u00f3 la institucionalidad, pero no la ha derrotado\" data-date=\"2024-04-04T10:36:08-03:00\">\n\n<div class=\"post-thumbnail-wrap\">\n\t<div class=\"post-thumbnail\">\n\t\t\n\t\t\n\t\t<a href=\"https:\/\/ena.cl\/?p=4970\" class=\"post-thumbnail-rollover layzr-bg layzr-bg\" ><img decoding=\"async\" class=\"iso-lazy-load preload-me iso-lazy-load aspect\" src=\"data:image\/svg+xml,%3Csvg%20xmlns%3D&#39;http%3A%2F%2Fwww.w3.org%2F2000%2Fsvg&#39;%20viewBox%3D&#39;0%200%20768%20512&#39;%2F%3E\" data-src=\"https:\/\/ena.cl\/wp-content\/uploads\/2024\/04\/articulo-ENA-1000-580-768x512.png\" data-srcset=\"https:\/\/ena.cl\/wp-content\/uploads\/2024\/04\/articulo-ENA-1000-580-768x512.png 768w, https:\/\/ena.cl\/wp-content\/uploads\/2024\/04\/articulo-ENA-1000-580-870x580.png 870w\" loading=\"eager\" style=\"--ratio: 768 \/ 512\" sizes=\"(max-width: 768px) 100vw, 768px\" alt=\"\" title=\"El caso audios golpe\u00f3 la institucionalidad, pero no la ha derrotado\" width=\"768\" height=\"512\"  \/><\/a>\t<\/div>\n<\/div>\n\n\n<div class=\"post-entry-content\">\n\n\t<h3 class=\"entry-title\">\n\t\t<a href=\"https:\/\/ena.cl\/?p=4970\" title=\"El caso audios golpe\u00f3 la institucionalidad, pero no la ha derrotado\" rel=\"bookmark\">El caso audios golpe\u00f3 la institucionalidad, pero no la ha derrotado<\/a>\n\t<\/h3>\n\n\t<div class=\"entry-meta\"><a href=\"https:\/\/ena.cl\/?m=20240404\" title=\"10:36 am\" class=\"data-link\" rel=\"bookmark\"><time class=\"entry-date updated\" datetime=\"2024-04-04T10:36:08-03:00\">4 abril, 2024<\/time><\/a><\/div>\n\t<div class=\"entry-excerpt\"><p>Art\u00edculo de Claudio Eduardo Alvarado Aguirre Abogado, Mag\u00edster en derecho penal y procesal penal. El denominado caso audios ha sacudido fuertemente a la institucionalidad, desde que se han conocido las conversaciones que un conocido abogado de la plaza manifest\u00f3 estar cometiendo delitos relacionados con funcionarios p\u00fablicos. El primer formalizado por un delito es -nada menos-&hellip;<\/p>\n<\/div>\n\t\n<a href=\"https:\/\/ena.cl\/?p=4970\" class=\"post-details details-type-link\" aria-label=\"Read more about El caso audios golpe\u00f3 la institucionalidad, pero no la ha derrotado\">Leer m\u00e1s<i class=\"dt-icon-the7-arrow-03\" aria-hidden=\"true\"><\/i><\/a>\n\n<\/div><\/article><\/div><div class=\"hidden wf-cell\" data-post-id=\"4965\" data-date=\"2024-04-03T09:41:12-03:00\" data-name=\"Como planificar tu 2024 de manera Exitosa\"><article class=\"post project-odd visible post-4965 type-post status-publish format-standard has-post-thumbnail hentry category-articulos category-13\" data-name=\"Como planificar tu 2024 de manera Exitosa\" data-date=\"2024-04-03T09:41:12-03:00\">\n\n<div class=\"post-thumbnail-wrap\">\n\t<div class=\"post-thumbnail\">\n\t\t\n\t\t\n\t\t<a href=\"https:\/\/ena.cl\/?p=4965\" class=\"post-thumbnail-rollover layzr-bg layzr-bg\" ><img decoding=\"async\" class=\"iso-lazy-load preload-me iso-lazy-load aspect\" src=\"data:image\/svg+xml,%3Csvg%20xmlns%3D&#39;http%3A%2F%2Fwww.w3.org%2F2000%2Fsvg&#39;%20viewBox%3D&#39;0%200%20768%20512&#39;%2F%3E\" data-src=\"https:\/\/ena.cl\/wp-content\/uploads\/2024\/04\/articulo-ENA-100-580-768x512.png\" data-srcset=\"https:\/\/ena.cl\/wp-content\/uploads\/2024\/04\/articulo-ENA-100-580-768x512.png 768w, https:\/\/ena.cl\/wp-content\/uploads\/2024\/04\/articulo-ENA-100-580-870x580.png 870w\" loading=\"eager\" style=\"--ratio: 768 \/ 512\" sizes=\"(max-width: 768px) 100vw, 768px\" alt=\"\" title=\"articulo ENA-100-580\" width=\"768\" height=\"512\"  \/><\/a>\t<\/div>\n<\/div>\n\n\n<div class=\"post-entry-content\">\n\n\t<h3 class=\"entry-title\">\n\t\t<a href=\"https:\/\/ena.cl\/?p=4965\" title=\"Como planificar tu 2024 de manera Exitosa\" rel=\"bookmark\">Como planificar tu 2024 de manera Exitosa<\/a>\n\t<\/h3>\n\n\t<div class=\"entry-meta\"><a href=\"https:\/\/ena.cl\/?m=20240403\" title=\"9:41 am\" class=\"data-link\" rel=\"bookmark\"><time class=\"entry-date updated\" datetime=\"2024-04-03T09:41:12-03:00\">3 abril, 2024<\/time><\/a><\/div>\n\t<div class=\"entry-excerpt\"><p>Ximena A. Peralta Molina Psic\u00f3loga Organizacional Master en Estrategias para el Capital Humano. Primero cabe preguntarnos lo siguiente: \u00bfQuiero ser parte de esa planificaci\u00f3n o solo es una mirada hacia lo externo?&#8230; \u00bfSientes miedo, ansiedad, angustia a planificar y organizar este a\u00f1o?&#8230;seguramente al empezar el a\u00f1o 1 de enero pensaste y deseaste muchas cosas, deseos&hellip;<\/p>\n<\/div>\n\t\n<a href=\"https:\/\/ena.cl\/?p=4965\" class=\"post-details details-type-link\" aria-label=\"Read more about Como planificar tu 2024 de manera Exitosa\">Leer m\u00e1s<i class=\"dt-icon-the7-arrow-03\" aria-hidden=\"true\"><\/i><\/a>\n\n<\/div><\/article><\/div><div class=\"hidden wf-cell\" data-post-id=\"55725\" data-date=\"2024-03-26T09:26:46-03:00\" data-name=\"Semana Santa: &lt;br&gt;El ayuno como pr\u00e1ctica espiritual en las religiones de occidente\"><article class=\"post project-odd visible post-55725 type-post status-publish format-standard has-post-thumbnail hentry category-articulos category-13\" data-name=\"Semana Santa: &lt;br&gt;El ayuno como pr\u00e1ctica espiritual en las religiones de occidente\" data-date=\"2024-03-26T09:26:46-03:00\">\n\n<div class=\"post-thumbnail-wrap\">\n\t<div class=\"post-thumbnail\">\n\t\t\n\t\t\n\t\t<a href=\"https:\/\/ena.cl\/?p=55725\" class=\"post-thumbnail-rollover layzr-bg layzr-bg\" ><img decoding=\"async\" class=\"iso-lazy-load preload-me iso-lazy-load aspect\" src=\"data:image\/svg+xml,%3Csvg%20xmlns%3D&#39;http%3A%2F%2Fwww.w3.org%2F2000%2Fsvg&#39;%20viewBox%3D&#39;0%200%20768%20512&#39;%2F%3E\" data-src=\"https:\/\/ena.cl\/wp-content\/uploads\/2024\/03\/semana-santa-768x512.jpg\" data-srcset=\"https:\/\/ena.cl\/wp-content\/uploads\/2024\/03\/semana-santa-768x512.jpg 768w, https:\/\/ena.cl\/wp-content\/uploads\/2024\/03\/semana-santa-1152x768.jpg 1152w\" loading=\"eager\" style=\"--ratio: 768 \/ 512\" sizes=\"(max-width: 768px) 100vw, 768px\" alt=\"\" title=\"semana-santa\" width=\"768\" height=\"512\"  \/><\/a>\t<\/div>\n<\/div>\n\n\n<div class=\"post-entry-content\">\n\n\t<h3 class=\"entry-title\">\n\t\t<a href=\"https:\/\/ena.cl\/?p=55725\" title=\"Semana Santa: El ayuno como pr\u00e1ctica espiritual en las religiones de occidente\" rel=\"bookmark\">Semana Santa: <br>El ayuno como pr\u00e1ctica espiritual en las religiones de occidente<\/a>\n\t<\/h3>\n\n\t<div class=\"entry-meta\"><a href=\"https:\/\/ena.cl\/?m=20240326\" title=\"9:26 am\" class=\"data-link\" rel=\"bookmark\"><time class=\"entry-date updated\" datetime=\"2024-03-26T09:26:46-03:00\">26 marzo, 2024<\/time><\/a><\/div>\n\t<div class=\"entry-excerpt\"><p>Nicole Lasserre-Laso Nutricionista, MSc. Nutrici\u00f3n Humana Investigadora Consorcio ELHOC Research Desde tiempos remotos, el ayuno ha sido practicado en diferentes culturas, est\u00e1 presente desde el inicio de la humanidad e incluso en la naturaleza, donde algunos animales realizan esta pr\u00e1ctica despu\u00e9s de ingestas abundantes o en temporadas del a\u00f1o (como el invierno). Desde su origen,&hellip;<\/p>\n<\/div>\n\t\n<a href=\"https:\/\/ena.cl\/?p=55725\" class=\"post-details details-type-link\" aria-label=\"Read more about Semana Santa: &lt;br&gt;El ayuno como pr\u00e1ctica espiritual en las religiones de occidente\">Leer m\u00e1s<i class=\"dt-icon-the7-arrow-03\" aria-hidden=\"true\"><\/i><\/a>\n\n<\/div><\/article><\/div><div class=\"hidden wf-cell\" data-post-id=\"4680\" data-date=\"2023-08-10T16:24:03-04:00\" data-name=\"Finalizaci\u00f3n de la Semana Mundial de la Lactancia Materna 2023, reflexiones y desaf\u00edos en torno a al lema de este a\u00f1o.\"><article class=\"post project-odd visible post-4680 type-post status-publish format-standard has-post-thumbnail hentry category-articulos category-13\" data-name=\"Finalizaci\u00f3n de la Semana Mundial de la Lactancia Materna 2023, reflexiones y desaf\u00edos en torno a al lema de este a\u00f1o.\" data-date=\"2023-08-10T16:24:03-04:00\">\n\n<div class=\"post-thumbnail-wrap\">\n\t<div class=\"post-thumbnail\">\n\t\t\n\t\t\n\t\t<a href=\"https:\/\/ena.cl\/?p=4680\" class=\"post-thumbnail-rollover layzr-bg layzr-bg\" ><img decoding=\"async\" class=\"iso-lazy-load preload-me iso-lazy-load aspect\" src=\"data:image\/svg+xml,%3Csvg%20xmlns%3D&#39;http%3A%2F%2Fwww.w3.org%2F2000%2Fsvg&#39;%20viewBox%3D&#39;0%200%20705%20470&#39;%2F%3E\" data-src=\"https:\/\/ena.cl\/wp-content\/uploads\/2023\/08\/Diseno-sin-titulo5-1-705x470.png\" data-srcset=\"https:\/\/ena.cl\/wp-content\/uploads\/2023\/08\/Diseno-sin-titulo5-1-705x470.png 705w\" loading=\"eager\" style=\"--ratio: 705 \/ 470\" sizes=\"(max-width: 705px) 100vw, 705px\" alt=\"\" title=\"Disen\u0303o sin ti\u0301tulo(5)\" width=\"705\" height=\"470\"  \/><\/a>\t<\/div>\n<\/div>\n\n\n<div class=\"post-entry-content\">\n\n\t<h3 class=\"entry-title\">\n\t\t<a href=\"https:\/\/ena.cl\/?p=4680\" title=\"Finalizaci\u00f3n de la Semana Mundial de la Lactancia Materna 2023, reflexiones y desaf\u00edos en torno a al lema de este a\u00f1o.\" rel=\"bookmark\">Finalizaci\u00f3n de la Semana Mundial de la Lactancia Materna 2023, reflexiones y desaf\u00edos en torno a al lema de este a\u00f1o.<\/a>\n\t<\/h3>\n\n\t<div class=\"entry-meta\"><a href=\"https:\/\/ena.cl\/?m=20230810\" title=\"4:24 pm\" class=\"data-link\" rel=\"bookmark\"><time class=\"entry-date updated\" datetime=\"2023-08-10T16:24:03-04:00\">10 agosto, 2023<\/time><\/a><\/div>\n\t<div class=\"entry-excerpt\"><p>[vc_row][vc_column css=&#8221;.vc_custom_1691700759842{padding-top: 260px !important;padding-right: 10px !important;padding-left: 10px !important;background-image: url(https:\/\/ena.cl\/wp-content\/uploads\/2023\/08\/Diseno-sin-titulo5-1.png?id=4694) !important;background-position: center !important;background-repeat: no-repeat !important;background-size: cover !important;}&#8221;][vc_row_inner el_class=&#8221;cabecera_curso&#8221;][vc_column_inner width=&#8221;5\/6&#8243; css=&#8221;.vc_custom_1691018149652{padding-top: 10px !important;background-position: center !important;background-repeat: no-repeat !important;background-size: contain !important;}&#8221;][vc_column_text css=&#8221;.vc_custom_1691702321097{padding-bottom: 10px !important;}&#8221;] Finalizaci\u00f3n de la Semana Mundial de la Lactancia Materna 2023, reflexiones y desaf\u00edos en torno a al lema de este a\u00f1o. [\/vc_column_text][\/vc_column_inner][vc_column_inner el_class=&#8221;botones_curso&#8221; width=&#8221;1\/6&#8243;][\/vc_column_inner][\/vc_row_inner][\/vc_column][\/vc_row][vc_row][vc_column width=&#8221;3\/4&#8243;&hellip;<\/p>\n<\/div>\n\t\n<a href=\"https:\/\/ena.cl\/?p=4680\" class=\"post-details details-type-link\" aria-label=\"Read more about Finalizaci\u00f3n de la Semana Mundial de la Lactancia Materna 2023, reflexiones y desaf\u00edos en torno a al lema de este a\u00f1o.\">Leer m\u00e1s<i class=\"dt-icon-the7-arrow-03\" aria-hidden=\"true\"><\/i><\/a>\n\n<\/div><\/article><\/div><div class=\"hidden wf-cell\" data-post-id=\"3024\" data-date=\"2021-03-15T22:17:47-03:00\" data-name=\"La Reforma de Descentralizaci\u00f3n Pol\u00edtica en Marcha\"><article class=\"post project-odd visible post-3024 type-post status-publish format-standard has-post-thumbnail hentry category-articulos category-13\" data-name=\"La Reforma de Descentralizaci\u00f3n Pol\u00edtica en Marcha\" data-date=\"2021-03-15T22:17:47-03:00\">\n\n<div class=\"post-thumbnail-wrap\">\n\t<div class=\"post-thumbnail\">\n\t\t\n\t\t\n\t\t<a href=\"https:\/\/ena.cl\/?p=3024\" class=\"post-thumbnail-rollover layzr-bg layzr-bg\" ><img decoding=\"async\" class=\"iso-lazy-load preload-me iso-lazy-load aspect\" src=\"data:image\/svg+xml,%3Csvg%20xmlns%3D&#39;http%3A%2F%2Fwww.w3.org%2F2000%2Fsvg&#39;%20viewBox%3D&#39;0%200%20768%20512&#39;%2F%3E\" data-src=\"https:\/\/ena.cl\/wp-content\/uploads\/2021\/03\/shutterstock_140028493-scaled.jpg\" data-srcset=\"https:\/\/ena.cl\/wp-content\/uploads\/2021\/03\/shutterstock_140028493-scaled.jpg 768w\" loading=\"eager\" style=\"--ratio: 768 \/ 512\" sizes=\"(max-width: 768px) 100vw, 768px\" alt=\"\" title=\"Iquique,Behind,A,Huge,Dune,,Northern,Chile,,Tarapaca,Region,,Pacific\" width=\"768\" height=\"512\"  \/><\/a>\t<\/div>\n<\/div>\n\n\n<div class=\"post-entry-content\">\n\n\t<h3 class=\"entry-title\">\n\t\t<a href=\"https:\/\/ena.cl\/?p=3024\" title=\"La Reforma de Descentralizaci\u00f3n Pol\u00edtica en Marcha\" rel=\"bookmark\">La Reforma de Descentralizaci\u00f3n Pol\u00edtica en Marcha<\/a>\n\t<\/h3>\n\n\t<div class=\"entry-meta\"><a href=\"https:\/\/ena.cl\/?m=20210315\" title=\"10:17 pm\" class=\"data-link\" rel=\"bookmark\"><time class=\"entry-date updated\" datetime=\"2021-03-15T22:17:47-03:00\">15 marzo, 2021<\/time><\/a><\/div>\n\t<div class=\"entry-excerpt\"><p>En Chile, el a\u00f1o 2021 quedar\u00e1 marcado en su historia pol\u00edtica, es uno de esos a\u00f1os de referencia debido al inicio de un proceso constituyente in\u00e9dito, que permitir\u00e1 contar con un nuevo contrato social, entre el colectivo de ciudadanos y el Estado. De forma paralela, se inicia otro proceso in\u00e9dito en la administraci\u00f3n p\u00fablica regional,&hellip;<\/p>\n<\/div>\n\t\n<a href=\"https:\/\/ena.cl\/?p=3024\" class=\"post-details details-type-link\" aria-label=\"Read more about La Reforma de Descentralizaci\u00f3n Pol\u00edtica en Marcha\">Leer m\u00e1s<i class=\"dt-icon-the7-arrow-03\" aria-hidden=\"true\"><\/i><\/a>\n\n<\/div><\/article><\/div><div class=\"hidden wf-cell\" data-post-id=\"3009\" data-date=\"2021-03-08T00:05:38-03:00\" data-name=\"8 de Marzo, D\u00eda Internacional de las Mujeres\"><article class=\"post project-odd visible post-3009 type-post status-publish format-standard has-post-thumbnail hentry category-articulos category-contenidos category-13 category-12\" data-name=\"8 de Marzo, D\u00eda Internacional de las Mujeres\" data-date=\"2021-03-08T00:05:38-03:00\">\n\n<div class=\"post-thumbnail-wrap\">\n\t<div class=\"post-thumbnail\">\n\t\t\n\t\t\n\t\t<a href=\"https:\/\/ena.cl\/?p=3009\" class=\"post-thumbnail-rollover layzr-bg layzr-bg\" ><img decoding=\"async\" class=\"iso-lazy-load preload-me iso-lazy-load aspect\" src=\"data:image\/svg+xml,%3Csvg%20xmlns%3D&#39;http%3A%2F%2Fwww.w3.org%2F2000%2Fsvg&#39;%20viewBox%3D&#39;0%200%20768%20512&#39;%2F%3E\" data-src=\"https:\/\/ena.cl\/wp-content\/uploads\/2021\/03\/shutterstock_91884266-scaled.jpg\" data-srcset=\"https:\/\/ena.cl\/wp-content\/uploads\/2021\/03\/shutterstock_91884266-scaled.jpg 768w\" loading=\"eager\" style=\"--ratio: 768 \/ 512\" sizes=\"(max-width: 768px) 100vw, 768px\" alt=\"\" title=\"Portrait,Of,A,Young,Lawyer,Standing,In,Front,Of,A\" width=\"768\" height=\"512\"  \/><\/a>\t<\/div>\n<\/div>\n\n\n<div class=\"post-entry-content\">\n\n\t<h3 class=\"entry-title\">\n\t\t<a href=\"https:\/\/ena.cl\/?p=3009\" title=\"8 de Marzo, D\u00eda Internacional de las Mujeres\" rel=\"bookmark\">8 de Marzo, D\u00eda Internacional de las Mujeres<\/a>\n\t<\/h3>\n\n\t<div class=\"entry-meta\"><a href=\"https:\/\/ena.cl\/?m=20210308\" title=\"12:05 am\" class=\"data-link\" rel=\"bookmark\"><time class=\"entry-date updated\" datetime=\"2021-03-08T00:05:38-03:00\">8 marzo, 2021<\/time><\/a><\/div>\n\t<div class=\"entry-excerpt\"><p>8 de Marzo, D\u00eda Internacional de las Mujeres En el a\u00f1o 1975 las Naciones Unidas declara oficialmente el 8 de marzo como el D\u00eda Internacional de la Mujer, instancia en la que ONU se\u00f1ala que este reconocimiento &#8220;se refiere a las mujeres corrientes como art\u00edfice de la historia y hunde sus ra\u00edces en la lucha&hellip;<\/p>\n<\/div>\n\t\n<a href=\"https:\/\/ena.cl\/?p=3009\" class=\"post-details details-type-link\" aria-label=\"Read more about 8 de Marzo, D\u00eda Internacional de las Mujeres\">Leer m\u00e1s<i class=\"dt-icon-the7-arrow-03\" aria-hidden=\"true\"><\/i><\/a>\n\n<\/div><\/article><\/div><div class=\"hidden wf-cell\" data-post-id=\"2322\" data-date=\"2021-01-01T20:13:53-03:00\" data-name=\"LA ENA CUMPLE LAS NORMAS ISO 9001:2015 Y NCH 2728 OF.2015\"><article class=\"post project-odd visible post-2322 type-post status-publish format-standard has-post-thumbnail hentry category-articulos category-newsletter category-13 category-14\" data-name=\"LA ENA CUMPLE LAS NORMAS ISO 9001:2015 Y NCH 2728 OF.2015\" data-date=\"2021-01-01T20:13:53-03:00\">\n\n<div class=\"post-thumbnail-wrap\">\n\t<div class=\"post-thumbnail\">\n\t\t\n\t\t\n\t\t<a href=\"https:\/\/ena.cl\/?p=2322\" class=\"post-thumbnail-rollover layzr-bg layzr-bg\" ><img decoding=\"async\" class=\"iso-lazy-load preload-me iso-lazy-load aspect\" src=\"data:image\/svg+xml,%3Csvg%20xmlns%3D&#39;http%3A%2F%2Fwww.w3.org%2F2000%2Fsvg&#39;%20viewBox%3D&#39;0%200%20517%20345&#39;%2F%3E\" data-src=\"https:\/\/ena.cl\/wp-content\/uploads\/2017\/09\/sgc_ena.jpg\" data-srcset=\"https:\/\/ena.cl\/wp-content\/uploads\/2017\/09\/sgc_ena.jpg 517w\" loading=\"eager\" style=\"--ratio: 517 \/ 345\" sizes=\"(max-width: 517px) 100vw, 517px\" alt=\"\" title=\"sgc_ena\" width=\"517\" height=\"345\"  \/><\/a>\t<\/div>\n<\/div>\n\n\n<div class=\"post-entry-content\">\n\n\t<h3 class=\"entry-title\">\n\t\t<a href=\"https:\/\/ena.cl\/?p=2322\" title=\"LA ENA CUMPLE LAS NORMAS ISO 9001:2015 Y NCH 2728 OF.2015\" rel=\"bookmark\">LA ENA CUMPLE LAS NORMAS ISO 9001:2015 Y NCH 2728 OF.2015<\/a>\n\t<\/h3>\n\n\t<div class=\"entry-meta\"><a href=\"https:\/\/ena.cl\/?m=20210101\" title=\"8:13 pm\" class=\"data-link\" rel=\"bookmark\"><time class=\"entry-date updated\" datetime=\"2021-01-01T20:13:53-03:00\">1 enero, 2021<\/time><\/a><\/div>\n\t<div class=\"entry-excerpt\"><p>Durante enero del 2006 y, en cumplimiento a la normativa de compras y contrataci\u00f3n p\u00fabica, la ENA se incorpora al registro Oficial Electr\u00f3nico, Chileproveedores, convirti\u00e9ndose en Proveedor Oficial del Estado, cumpliendo el requisito legal de ser Organismo T\u00e9cnico de Ejecuci\u00f3n de Capacitaci\u00f3n, obteniendo el registro SENCE N\u00b07059 con fecha 11 de junio del 2003. A\u00f1os&hellip;<\/p>\n<\/div>\n\t\n<a href=\"https:\/\/ena.cl\/?p=2322\" class=\"post-details details-type-link\" aria-label=\"Read more about LA ENA CUMPLE LAS NORMAS ISO 9001:2015 Y NCH 2728 OF.2015\">Leer m\u00e1s<i class=\"dt-icon-the7-arrow-03\" aria-hidden=\"true\"><\/i><\/a>\n\n<\/div><\/article><\/div><div class=\"hidden wf-cell\" data-post-id=\"2883\" data-date=\"2020-03-17T20:23:52-03:00\" data-name=\"Medidas adoptadas con la finalidad de reducir la tasa de contagio y propagaci\u00f3n del virus sars-cov-2 que origina la enfermedad covid-19, dada su circulaci\u00f3n viral y dispersi\u00f3n comunitaria.\"><article class=\"post project-odd visible no-img post-2883 type-post status-publish format-standard hentry category-articulos category-13\" data-name=\"Medidas adoptadas con la finalidad de reducir la tasa de contagio y propagaci\u00f3n del virus sars-cov-2 que origina la enfermedad covid-19, dada su circulaci\u00f3n viral y dispersi\u00f3n comunitaria.\" data-date=\"2020-03-17T20:23:52-03:00\">\n\n<div class=\"post-entry-content\">\n\n\t<h3 class=\"entry-title\">\n\t\t<a href=\"https:\/\/ena.cl\/?p=2883\" title=\"Medidas adoptadas con la finalidad de reducir la tasa de contagio y propagaci\u00f3n del virus sars-cov-2 que origina la enfermedad covid-19, dada su circulaci\u00f3n viral y dispersi\u00f3n comunitaria.\" rel=\"bookmark\">Medidas adoptadas con la finalidad de reducir la tasa de contagio y propagaci\u00f3n del virus sars-cov-2 que origina la enfermedad covid-19, dada su circulaci\u00f3n viral y dispersi\u00f3n comunitaria.<\/a>\n\t<\/h3>\n\n\t<div class=\"entry-meta\"><a href=\"https:\/\/ena.cl\/?m=20200317\" title=\"8:23 pm\" class=\"data-link\" rel=\"bookmark\"><time class=\"entry-date updated\" datetime=\"2020-03-17T20:23:52-03:00\">17 marzo, 2020<\/time><\/a><\/div>\n\t<div class=\"entry-excerpt\"><p>La Direcci\u00f3n Ejecutiva de la Escuela Nacional de Administraci\u00f3n P\u00fablica &#8211; ENA, con motivo del paso a la fase 4 del Coronavirus Covid 19, informa a su querida comunidad estudiantil, profesoras y profesores, Instituciones, Servicios P\u00fablicos, y Municipalidades, que: &#8211; Se ha decidido implementar la modalidad de teletrabajo, tanto para nuestros colaboradores mayores de 65&hellip;<\/p>\n<\/div>\n\t\n<a href=\"https:\/\/ena.cl\/?p=2883\" class=\"post-details details-type-link\" aria-label=\"Read more about Medidas adoptadas con la finalidad de reducir la tasa de contagio y propagaci\u00f3n del virus sars-cov-2 que origina la enfermedad covid-19, dada su circulaci\u00f3n viral y dispersi\u00f3n comunitaria.\">Leer m\u00e1s<i class=\"dt-icon-the7-arrow-03\" aria-hidden=\"true\"><\/i><\/a>\n\n<\/div><\/article><\/div><div class=\"hidden wf-cell\" data-post-id=\"1070\" data-date=\"2017-10-01T00:00:40-03:00\" data-name=\"Estatuto Administrativo: Conoce los Derechos y Deberes de los Funcionarios P\u00fablicos\"><article class=\"post project-odd visible post-1070 type-post status-publish format-standard has-post-thumbnail hentry category-articulos category-newsletter category-13 category-14\" data-name=\"Estatuto Administrativo: Conoce los Derechos y Deberes de los Funcionarios P\u00fablicos\" data-date=\"2017-10-01T00:00:40-03:00\">\n\n<div class=\"post-thumbnail-wrap\">\n\t<div class=\"post-thumbnail\">\n\t\t\n\t\t\n\t\t<a href=\"https:\/\/ena.cl\/?p=1070\" class=\"post-thumbnail-rollover layzr-bg layzr-bg\" ><img decoding=\"async\" class=\"iso-lazy-load preload-me iso-lazy-load aspect\" src=\"data:image\/svg+xml,%3Csvg%20xmlns%3D&#39;http%3A%2F%2Fwww.w3.org%2F2000%2Fsvg&#39;%20viewBox%3D&#39;0%200%20613%20408&#39;%2F%3E\" data-src=\"https:\/\/ena.cl\/wp-content\/uploads\/2015\/10\/estatuto_administrativo.jpg\" data-srcset=\"https:\/\/ena.cl\/wp-content\/uploads\/2015\/10\/estatuto_administrativo.jpg 613w\" loading=\"eager\" style=\"--ratio: 613 \/ 408\" sizes=\"(max-width: 613px) 100vw, 613px\" alt=\"\" title=\"estatuto_administrativo\" width=\"613\" height=\"408\"  \/><\/a>\t<\/div>\n<\/div>\n\n\n<div class=\"post-entry-content\">\n\n\t<h3 class=\"entry-title\">\n\t\t<a href=\"https:\/\/ena.cl\/?p=1070\" title=\"Estatuto Administrativo: Conoce los Derechos y Deberes de los Funcionarios P\u00fablicos\" rel=\"bookmark\">Estatuto Administrativo: Conoce los Derechos y Deberes de los Funcionarios P\u00fablicos<\/a>\n\t<\/h3>\n\n\t<div class=\"entry-meta\"><a href=\"https:\/\/ena.cl\/?m=20171001\" title=\"12:00 am\" class=\"data-link\" rel=\"bookmark\"><time class=\"entry-date updated\" datetime=\"2017-10-01T00:00:40-03:00\">1 octubre, 2017<\/time><\/a><\/div>\n\t<div class=\"entry-excerpt\"><p>Los funcionarios p\u00fablicos \u00bftienen las mismas obligaciones y derechos que cualquier otro trabajador del pa\u00eds? la respuesta no es tan simple, dado que a quienes trabajan para el Estado los rigen una serie de normativas y aspectos legales que son convenientes de conocer, tanto si se es funcionario p\u00fablico, como si se requiere de alguno&hellip;<\/p>\n<\/div>\n\t\n<a href=\"https:\/\/ena.cl\/?p=1070\" class=\"post-details details-type-link\" aria-label=\"Read more about Estatuto Administrativo: Conoce los Derechos y Deberes de los Funcionarios P\u00fablicos\">Leer m\u00e1s<i class=\"dt-icon-the7-arrow-03\" aria-hidden=\"true\"><\/i><\/a>\n\n<\/div><\/article><\/div><div class=\"hidden wf-cell\" data-post-id=\"972\" data-date=\"2017-09-01T00:00:29-03:00\" data-name=\"Fiestas Patrias : Sepa c\u00f3mo disfrutar sin ganar kilos extras\"><article class=\"post project-odd visible post-972 type-post status-publish format-standard has-post-thumbnail hentry category-articulos category-13\" data-name=\"Fiestas Patrias : Sepa c\u00f3mo disfrutar sin ganar kilos extras\" data-date=\"2017-09-01T00:00:29-03:00\">\n\n<div class=\"post-thumbnail-wrap\">\n\t<div class=\"post-thumbnail\">\n\t\t\n\t\t\n\t\t<a href=\"https:\/\/ena.cl\/?p=972\" class=\"post-thumbnail-rollover layzr-bg layzr-bg\" ><img decoding=\"async\" class=\"iso-lazy-load preload-me iso-lazy-load aspect\" src=\"data:image\/svg+xml,%3Csvg%20xmlns%3D&#39;http%3A%2F%2Fwww.w3.org%2F2000%2Fsvg&#39;%20viewBox%3D&#39;0%200%20517%20345&#39;%2F%3E\" data-src=\"https:\/\/ena.cl\/wp-content\/uploads\/2015\/09\/alimentacion-fiestas-patrias.jpg\" data-srcset=\"https:\/\/ena.cl\/wp-content\/uploads\/2015\/09\/alimentacion-fiestas-patrias.jpg 517w\" loading=\"eager\" style=\"--ratio: 517 \/ 345\" sizes=\"(max-width: 517px) 100vw, 517px\" alt=\"\" title=\"alimentacion-fiestas-patrias\" width=\"517\" height=\"345\"  \/><\/a>\t<\/div>\n<\/div>\n\n\n<div class=\"post-entry-content\">\n\n\t<h3 class=\"entry-title\">\n\t\t<a href=\"https:\/\/ena.cl\/?p=972\" title=\"Fiestas Patrias : Sepa c\u00f3mo disfrutar sin ganar kilos extras\" rel=\"bookmark\">Fiestas Patrias : Sepa c\u00f3mo disfrutar sin ganar kilos extras<\/a>\n\t<\/h3>\n\n\t<div class=\"entry-meta\"><a href=\"https:\/\/ena.cl\/?m=20170901\" title=\"12:00 am\" class=\"data-link\" rel=\"bookmark\"><time class=\"entry-date updated\" datetime=\"2017-09-01T00:00:29-03:00\">1 septiembre, 2017<\/time><\/a><\/div>\n\t<div class=\"entry-excerpt\"><p>Carnes magras, frutas, verduras y mucha cueca son las grandes invitadas para estas fiestas patrias. Las chilenas y chilenos lo sabemos: nuestra gastronom\u00eda t\u00edpica nos hace un flaco favor a la hora del recuento de calor\u00edas y kilos extras, ganados en el par de d\u00edas en que celebramos nuestro aniversario patrio. \u00bfC\u00f3mo disfrutar de los&hellip;<\/p>\n<\/div>\n\t\n<a href=\"https:\/\/ena.cl\/?p=972\" class=\"post-details details-type-link\" aria-label=\"Read more about Fiestas Patrias : Sepa c\u00f3mo disfrutar sin ganar kilos extras\">Leer m\u00e1s<i class=\"dt-icon-the7-arrow-03\" aria-hidden=\"true\"><\/i><\/a>\n\n<\/div><\/article><\/div><div class=\"hidden wf-cell\" data-post-id=\"864\" data-date=\"2017-08-01T00:00:00-04:00\" data-name=\"Campa\u00f1a de Invierno Minsal: Prevenga las enfermedades respiratorias\"><article class=\"post project-odd visible post-864 type-post status-publish format-standard has-post-thumbnail hentry category-articulos category-13\" data-name=\"Campa\u00f1a de Invierno Minsal: Prevenga las enfermedades respiratorias\" data-date=\"2017-08-01T00:00:00-04:00\">\n\n<div class=\"post-thumbnail-wrap\">\n\t<div class=\"post-thumbnail\">\n\t\t\n\t\t\n\t\t<a href=\"https:\/\/ena.cl\/?p=864\" class=\"post-thumbnail-rollover layzr-bg layzr-bg\" ><img decoding=\"async\" class=\"iso-lazy-load preload-me iso-lazy-load aspect\" src=\"data:image\/svg+xml,%3Csvg%20xmlns%3D&#39;http%3A%2F%2Fwww.w3.org%2F2000%2Fsvg&#39;%20viewBox%3D&#39;0%200%20517%20345&#39;%2F%3E\" data-src=\"https:\/\/ena.cl\/wp-content\/uploads\/2015\/07\/enfermedades-respiratorios.jpg\" data-srcset=\"https:\/\/ena.cl\/wp-content\/uploads\/2015\/07\/enfermedades-respiratorios.jpg 517w\" loading=\"eager\" style=\"--ratio: 517 \/ 345\" sizes=\"(max-width: 517px) 100vw, 517px\" alt=\"\" title=\"enfermedades-respiratorios\" width=\"517\" height=\"345\"  \/><\/a>\t<\/div>\n<\/div>\n\n\n<div class=\"post-entry-content\">\n\n\t<h3 class=\"entry-title\">\n\t\t<a href=\"https:\/\/ena.cl\/?p=864\" title=\"Campa\u00f1a de Invierno Minsal: Prevenga las enfermedades respiratorias\" rel=\"bookmark\">Campa\u00f1a de Invierno Minsal: Prevenga las enfermedades respiratorias<\/a>\n\t<\/h3>\n\n\t<div class=\"entry-meta\"><a href=\"https:\/\/ena.cl\/?m=20170801\" title=\"12:00 am\" class=\"data-link\" rel=\"bookmark\"><time class=\"entry-date updated\" datetime=\"2017-08-01T00:00:00-04:00\">1 agosto, 2017<\/time><\/a><\/div>\n\t<div class=\"entry-excerpt\"><p>El 29 de mayo pasado\u00a0fue lanzada la \u201cCampa\u00f1a de Invierno\u201d que el Ministerio de Salud (Minsal) implementa en esta \u00e9poca para enfrentar el aumento en las enfermedades respiratorias. Para tratar este tema, conversamos con la M\u00e9dico especialista en Medicina Familiar, doctora Luisa Arellano, quien se refiri\u00f3 a los principales factores y formas de prevenci\u00f3n de&hellip;<\/p>\n<\/div>\n\t\n<a href=\"https:\/\/ena.cl\/?p=864\" class=\"post-details details-type-link\" aria-label=\"Read more about Campa\u00f1a de Invierno Minsal: Prevenga las enfermedades respiratorias\">Leer m\u00e1s<i class=\"dt-icon-the7-arrow-03\" aria-hidden=\"true\"><\/i><\/a>\n\n<\/div><\/article><\/div><div class=\"hidden wf-cell\" data-post-id=\"626\" data-date=\"2016-01-01T00:00:36-03:00\" data-name=\"El Feriado Legal: \u00bfDescansar es un derecho social?\"><article class=\"post project-odd visible post-626 type-post status-publish format-standard has-post-thumbnail hentry category-articulos category-13\" data-name=\"El Feriado Legal: \u00bfDescansar es un derecho social?\" data-date=\"2016-01-01T00:00:36-03:00\">\n\n<div class=\"post-thumbnail-wrap\">\n\t<div class=\"post-thumbnail\">\n\t\t\n\t\t\n\t\t<a href=\"https:\/\/ena.cl\/?p=626\" class=\"post-thumbnail-rollover layzr-bg layzr-bg\" ><img decoding=\"async\" class=\"iso-lazy-load preload-me iso-lazy-load aspect\" src=\"data:image\/svg+xml,%3Csvg%20xmlns%3D&#39;http%3A%2F%2Fwww.w3.org%2F2000%2Fsvg&#39;%20viewBox%3D&#39;0%200%20445%20297&#39;%2F%3E\" data-src=\"https:\/\/ena.cl\/wp-content\/uploads\/2015\/01\/vacaciones2_20151.jpg\" data-srcset=\"https:\/\/ena.cl\/wp-content\/uploads\/2015\/01\/vacaciones2_20151.jpg 445w\" loading=\"eager\" style=\"--ratio: 445 \/ 297\" sizes=\"(max-width: 445px) 100vw, 445px\" alt=\"\" title=\"vacaciones2_2015\" width=\"445\" height=\"297\"  \/><\/a>\t<\/div>\n<\/div>\n\n\n<div class=\"post-entry-content\">\n\n\t<h3 class=\"entry-title\">\n\t\t<a href=\"https:\/\/ena.cl\/?p=626\" title=\"El Feriado Legal: \u00bfDescansar es un derecho social?\" rel=\"bookmark\">El Feriado Legal: \u00bfDescansar es un derecho social?<\/a>\n\t<\/h3>\n\n\t<div class=\"entry-meta\"><a href=\"https:\/\/ena.cl\/?m=20160101\" title=\"12:00 am\" class=\"data-link\" rel=\"bookmark\"><time class=\"entry-date updated\" datetime=\"2016-01-01T00:00:36-03:00\">1 enero, 2016<\/time><\/a><\/div>\n\t<div class=\"entry-excerpt\"><p>El Funcionario P\u00fablico tiene derecho, una vez al a\u00f1o, a ausentarse de sus labores a fin de dedicarse al descanso. Razones m\u00e9dicas y sociales indiscutibles han impuesto la consagraci\u00f3n universal de este beneficio, sosten\u00eda don Enrique Silva Cimma. \u00bfCu\u00e1les son aquellas razones m\u00e9dicas, sociales y del propio inter\u00e9s de la Administraci\u00f3n involucradas en sus vacaciones?&#8230;&hellip;<\/p>\n<\/div>\n\t\n<a href=\"https:\/\/ena.cl\/?p=626\" class=\"post-details details-type-link\" aria-label=\"Read more about El Feriado Legal: \u00bfDescansar es un derecho social?\">Leer m\u00e1s<i class=\"dt-icon-the7-arrow-03\" aria-hidden=\"true\"><\/i><\/a>\n\n<\/div><\/article><\/div><div class=\"hidden wf-cell\" data-post-id=\"1169\" data-date=\"2015-12-03T13:08:02-03:00\" data-name=\"Jubilaci\u00f3n: \u00bfSabes c\u00f3mo funciona el sistema de AFP?\"><article class=\"post project-odd visible post-1169 type-post status-publish format-standard has-post-thumbnail hentry category-articulos category-13\" data-name=\"Jubilaci\u00f3n: \u00bfSabes c\u00f3mo funciona el sistema de AFP?\" data-date=\"2015-12-03T13:08:02-03:00\">\n\n<div class=\"post-thumbnail-wrap\">\n\t<div class=\"post-thumbnail\">\n\t\t\n\t\t\n\t\t<a href=\"https:\/\/ena.cl\/?p=1169\" class=\"post-thumbnail-rollover layzr-bg layzr-bg\" ><img decoding=\"async\" class=\"iso-lazy-load preload-me iso-lazy-load aspect\" src=\"data:image\/svg+xml,%3Csvg%20xmlns%3D&#39;http%3A%2F%2Fwww.w3.org%2F2000%2Fsvg&#39;%20viewBox%3D&#39;0%200%20645%20430&#39;%2F%3E\" data-src=\"https:\/\/ena.cl\/wp-content\/uploads\/2015\/12\/articulo-diciembre-min.jpg\" data-srcset=\"https:\/\/ena.cl\/wp-content\/uploads\/2015\/12\/articulo-diciembre-min.jpg 645w\" loading=\"eager\" style=\"--ratio: 645 \/ 430\" sizes=\"(max-width: 645px) 100vw, 645px\" alt=\"\" title=\"articulo-diciembre-min\" width=\"645\" height=\"430\"  \/><\/a>\t<\/div>\n<\/div>\n\n\n<div class=\"post-entry-content\">\n\n\t<h3 class=\"entry-title\">\n\t\t<a href=\"https:\/\/ena.cl\/?p=1169\" title=\"Jubilaci\u00f3n: \u00bfSabes c\u00f3mo funciona el sistema de AFP?\" rel=\"bookmark\">Jubilaci\u00f3n: \u00bfSabes c\u00f3mo funciona el sistema de AFP?<\/a>\n\t<\/h3>\n\n\t<div class=\"entry-meta\"><a href=\"https:\/\/ena.cl\/?m=20151203\" title=\"1:08 pm\" class=\"data-link\" rel=\"bookmark\"><time class=\"entry-date updated\" datetime=\"2015-12-03T13:08:02-03:00\">3 diciembre, 2015<\/time><\/a><\/div>\n\t<div class=\"entry-excerpt\"><p>Un tema no exento de pol\u00e9mica en el \u00faltimo tiempo es el de las AFP. Mientras duros cuestionamientos recibe el sistema de pensiones vigente en nuestro pa\u00eds, mes a mes miles de chilenos cotizan obligatoriamente, muchas veces sin conocer aspectos b\u00e1sicos del funcionamiento de este sistema. \u201cLas Administradoras de Fondos de Pensiones (AFP) son instituciones&hellip;<\/p>\n<\/div>\n\t\n<a href=\"https:\/\/ena.cl\/?p=1169\" class=\"post-details details-type-link\" aria-label=\"Read more about Jubilaci\u00f3n: \u00bfSabes c\u00f3mo funciona el sistema de AFP?\">Leer m\u00e1s<i class=\"dt-icon-the7-arrow-03\" aria-hidden=\"true\"><\/i><\/a>\n\n<\/div><\/article><\/div><div class=\"hidden wf-cell\" data-post-id=\"1136\" data-date=\"2015-11-09T04:40:37-03:00\" data-name=\"Se acerca fin de a\u00f1o, Aprende a cuidarte del estr\u00e9s\"><article class=\"post project-odd visible post-1136 type-post status-publish format-standard has-post-thumbnail hentry category-articulos category-13\" data-name=\"Se acerca fin de a\u00f1o, Aprende a cuidarte del estr\u00e9s\" data-date=\"2015-11-09T04:40:37-03:00\">\n\n<div class=\"post-thumbnail-wrap\">\n\t<div class=\"post-thumbnail\">\n\t\t\n\t\t\n\t\t<a href=\"https:\/\/ena.cl\/?p=1136\" class=\"post-thumbnail-rollover layzr-bg layzr-bg\" ><img decoding=\"async\" class=\"iso-lazy-load preload-me iso-lazy-load aspect\" src=\"data:image\/svg+xml,%3Csvg%20xmlns%3D&#39;http%3A%2F%2Fwww.w3.org%2F2000%2Fsvg&#39;%20viewBox%3D&#39;0%200%20453%20302&#39;%2F%3E\" data-src=\"https:\/\/ena.cl\/wp-content\/uploads\/2015\/11\/articulo.jpg\" data-srcset=\"https:\/\/ena.cl\/wp-content\/uploads\/2015\/11\/articulo.jpg 453w\" loading=\"eager\" style=\"--ratio: 453 \/ 302\" sizes=\"(max-width: 453px) 100vw, 453px\" alt=\"\" title=\"articulo\" width=\"453\" height=\"302\"  \/><\/a>\t<\/div>\n<\/div>\n\n\n<div class=\"post-entry-content\">\n\n\t<h3 class=\"entry-title\">\n\t\t<a href=\"https:\/\/ena.cl\/?p=1136\" title=\"Se acerca fin de a\u00f1o, Aprende a cuidarte del estr\u00e9s\" rel=\"bookmark\">Se acerca fin de a\u00f1o, Aprende a cuidarte del estr\u00e9s<\/a>\n\t<\/h3>\n\n\t<div class=\"entry-meta\"><a href=\"https:\/\/ena.cl\/?m=20151109\" title=\"4:40 am\" class=\"data-link\" rel=\"bookmark\"><time class=\"entry-date updated\" datetime=\"2015-11-09T04:40:37-03:00\">9 noviembre, 2015<\/time><\/a><\/div>\n\t<div class=\"entry-excerpt\"><p>Se acerca fin de a\u00f1o y probablemente el plazo para cumplir con tareas y metas se acaba. El ritmo en el trabajo suele aumentar y la presi\u00f3n parece estar en los diversos \u00e1mbitos de la vida: personal, familiar y laboral; lo que incluso puede acarrear problemas a nuestra salud. \u201cEl estr\u00e9s laboral aparece cuando las&hellip;<\/p>\n<\/div>\n\t\n<a href=\"https:\/\/ena.cl\/?p=1136\" class=\"post-details details-type-link\" aria-label=\"Read more about Se acerca fin de a\u00f1o, Aprende a cuidarte del estr\u00e9s\">Leer m\u00e1s<i class=\"dt-icon-the7-arrow-03\" aria-hidden=\"true\"><\/i><\/a>\n\n<\/div><\/article><\/div><div class=\"hidden wf-cell\" data-post-id=\"924\" data-date=\"2015-08-03T15:06:48-03:00\" data-name=\"Gesti\u00f3n del Talento Humano&lt;br&gt;Capacitarse: El derecho de todo funcionario p\u00fablico\"><article class=\"post project-odd visible post-924 type-post status-publish format-standard has-post-thumbnail hentry category-articulos category-13\" data-name=\"Gesti\u00f3n del Talento Humano&lt;br&gt;Capacitarse: El derecho de todo funcionario p\u00fablico\" data-date=\"2015-08-03T15:06:48-03:00\">\n\n<div class=\"post-thumbnail-wrap\">\n\t<div class=\"post-thumbnail\">\n\t\t\n\t\t\n\t\t<a href=\"https:\/\/ena.cl\/?p=924\" class=\"post-thumbnail-rollover layzr-bg layzr-bg\" ><img decoding=\"async\" class=\"iso-lazy-load preload-me iso-lazy-load aspect\" src=\"data:image\/svg+xml,%3Csvg%20xmlns%3D&#39;http%3A%2F%2Fwww.w3.org%2F2000%2Fsvg&#39;%20viewBox%3D&#39;0%200%20606%20404&#39;%2F%3E\" data-src=\"https:\/\/ena.cl\/wp-content\/uploads\/2015\/08\/articulo-agosto.jpg\" data-srcset=\"https:\/\/ena.cl\/wp-content\/uploads\/2015\/08\/articulo-agosto.jpg 606w\" loading=\"eager\" style=\"--ratio: 606 \/ 404\" sizes=\"(max-width: 606px) 100vw, 606px\" alt=\"\" title=\"articulo-agosto\" width=\"606\" height=\"404\"  \/><\/a>\t<\/div>\n<\/div>\n\n\n<div class=\"post-entry-content\">\n\n\t<h3 class=\"entry-title\">\n\t\t<a href=\"https:\/\/ena.cl\/?p=924\" title=\"Gesti\u00f3n del Talento HumanoCapacitarse: El derecho de todo funcionario p\u00fablico\" rel=\"bookmark\">Gesti\u00f3n del Talento Humano<br>Capacitarse: El derecho de todo funcionario p\u00fablico<\/a>\n\t<\/h3>\n\n\t<div class=\"entry-meta\"><a href=\"https:\/\/ena.cl\/?m=20150803\" title=\"3:06 pm\" class=\"data-link\" rel=\"bookmark\"><time class=\"entry-date updated\" datetime=\"2015-08-03T15:06:48-03:00\">3 agosto, 2015<\/time><\/a><\/div>\n\t<div class=\"entry-excerpt\"><p>Los tiempos actuales son parte de la denominada \u201csociedad del conocimiento\u201d, es decir, un periodo en el que el manejo de informaci\u00f3n y de tecnolog\u00edas da ventaja sustantiva a quien los posea. Es que ya no basta con tener un t\u00edtulo t\u00e9cnico o profesional adquirido una vez concluida la ense\u00f1anza media: es necesario continuar perfeccion\u00e1ndose&hellip;<\/p>\n<\/div>\n\t\n<a href=\"https:\/\/ena.cl\/?p=924\" class=\"post-details details-type-link\" aria-label=\"Read more about Gesti\u00f3n del Talento Humano&lt;br&gt;Capacitarse: El derecho de todo funcionario p\u00fablico\">Leer m\u00e1s<i class=\"dt-icon-the7-arrow-03\" aria-hidden=\"true\"><\/i><\/a>\n\n<\/div><\/article><\/div><div class=\"hidden wf-cell\" data-post-id=\"851\" data-date=\"2015-06-29T03:03:33-03:00\" data-name=\"Deberes y Derechos del Paciente\"><article class=\"post project-odd visible post-851 type-post status-publish format-standard has-post-thumbnail hentry category-articulos category-13\" data-name=\"Deberes y Derechos del Paciente\" data-date=\"2015-06-29T03:03:33-03:00\">\n\n<div class=\"post-thumbnail-wrap\">\n\t<div class=\"post-thumbnail\">\n\t\t\n\t\t\n\t\t<a href=\"https:\/\/ena.cl\/?p=851\" class=\"post-thumbnail-rollover layzr-bg layzr-bg\" ><img decoding=\"async\" class=\"iso-lazy-load preload-me iso-lazy-load aspect\" src=\"data:image\/svg+xml,%3Csvg%20xmlns%3D&#39;http%3A%2F%2Fwww.w3.org%2F2000%2Fsvg&#39;%20viewBox%3D&#39;0%200%20637%20425&#39;%2F%3E\" data-src=\"https:\/\/ena.cl\/wp-content\/uploads\/2015\/06\/derecho-deberes-articulo.jpg\" data-srcset=\"https:\/\/ena.cl\/wp-content\/uploads\/2015\/06\/derecho-deberes-articulo.jpg 637w\" loading=\"eager\" style=\"--ratio: 637 \/ 425\" sizes=\"(max-width: 637px) 100vw, 637px\" alt=\"\" title=\"derecho-deberes-articulo\" width=\"637\" height=\"425\"  \/><\/a>\t<\/div>\n<\/div>\n\n\n<div class=\"post-entry-content\">\n\n\t<h3 class=\"entry-title\">\n\t\t<a href=\"https:\/\/ena.cl\/?p=851\" title=\"Deberes y Derechos del Paciente\" rel=\"bookmark\">Deberes y Derechos del Paciente<\/a>\n\t<\/h3>\n\n\t<div class=\"entry-meta\"><a href=\"https:\/\/ena.cl\/?m=20150629\" title=\"3:03 am\" class=\"data-link\" rel=\"bookmark\"><time class=\"entry-date updated\" datetime=\"2015-06-29T03:03:33-03:00\">29 junio, 2015<\/time><\/a><\/div>\n\t<div class=\"entry-excerpt\"><p>Hace casi tres a\u00f1os que fue promulgada la Ley 20.584 que regula los derechos y deberes de los pacientes en salud. Esta normativa, que entr\u00f3 en vigencia en octubre de 2012 y que rige tanto para el sistema sanitario p\u00fablico como para el privado, se cre\u00f3 \u201cpor la necesidad de fortalecer los derechos de los&hellip;<\/p>\n<\/div>\n\t\n<a href=\"https:\/\/ena.cl\/?p=851\" class=\"post-details details-type-link\" aria-label=\"Read more about Deberes y Derechos del Paciente\">Leer m\u00e1s<i class=\"dt-icon-the7-arrow-03\" aria-hidden=\"true\"><\/i><\/a>\n\n<\/div><\/article><\/div><div class=\"hidden wf-cell\" data-post-id=\"808\" data-date=\"2015-06-07T03:42:24-03:00\" data-name=\"Hostigamiento en el trabajo:&lt;br&gt;\u00bfC\u00f3mo saber si eres v\u00edctima de acoso laboral o sexual?\"><article class=\"post project-odd visible post-808 type-post status-publish format-standard has-post-thumbnail hentry category-articulos category-13\" data-name=\"Hostigamiento en el trabajo:&lt;br&gt;\u00bfC\u00f3mo saber si eres v\u00edctima de acoso laboral o sexual?\" data-date=\"2015-06-07T03:42:24-03:00\">\n\n<div class=\"post-thumbnail-wrap\">\n\t<div class=\"post-thumbnail\">\n\t\t\n\t\t\n\t\t<a href=\"https:\/\/ena.cl\/?p=808\" class=\"post-thumbnail-rollover layzr-bg layzr-bg\" ><img decoding=\"async\" class=\"iso-lazy-load preload-me iso-lazy-load aspect\" src=\"data:image\/svg+xml,%3Csvg%20xmlns%3D&#39;http%3A%2F%2Fwww.w3.org%2F2000%2Fsvg&#39;%20viewBox%3D&#39;0%200%20637%20425&#39;%2F%3E\" data-src=\"https:\/\/ena.cl\/wp-content\/uploads\/2015\/06\/hostigamiento-acoso.jpg\" data-srcset=\"https:\/\/ena.cl\/wp-content\/uploads\/2015\/06\/hostigamiento-acoso.jpg 637w\" loading=\"eager\" style=\"--ratio: 637 \/ 425\" sizes=\"(max-width: 637px) 100vw, 637px\" alt=\"\" title=\"hostigamiento-acoso\" width=\"637\" height=\"425\"  \/><\/a>\t<\/div>\n<\/div>\n\n\n<div class=\"post-entry-content\">\n\n\t<h3 class=\"entry-title\">\n\t\t<a href=\"https:\/\/ena.cl\/?p=808\" title=\"Hostigamiento en el trabajo:\u00bfC\u00f3mo saber si eres v\u00edctima de acoso laboral o sexual?\" rel=\"bookmark\">Hostigamiento en el trabajo:<br>\u00bfC\u00f3mo saber si eres v\u00edctima de acoso laboral o sexual?<\/a>\n\t<\/h3>\n\n\t<div class=\"entry-meta\"><a href=\"https:\/\/ena.cl\/?m=20150607\" title=\"3:42 am\" class=\"data-link\" rel=\"bookmark\"><time class=\"entry-date updated\" datetime=\"2015-06-07T03:42:24-03:00\">7 junio, 2015<\/time><\/a><\/div>\n\t<div class=\"entry-excerpt\"><p>\u00bfAlguna vez sinti\u00f3 que le asignaban constantemente tareas con plazos imposibles de cumplir? O al rev\u00e9s \u00bfqu\u00e9 la exclu\u00edan o ignoraban de tareas que eran pertinentes a su cargo? \u00bfSabe c\u00f3mo actuar si alguna jefatura o colega manifiesta conductas de connotaci\u00f3n sexual, que afectan su dignidad como persona? Durante a\u00f1os nos hemos asombrado por los&hellip;<\/p>\n<\/div>\n\t\n<a href=\"https:\/\/ena.cl\/?p=808\" class=\"post-details details-type-link\" aria-label=\"Read more about Hostigamiento en el trabajo:&lt;br&gt;\u00bfC\u00f3mo saber si eres v\u00edctima de acoso laboral o sexual?\">Leer m\u00e1s<i class=\"dt-icon-the7-arrow-03\" aria-hidden=\"true\"><\/i><\/a>\n\n<\/div><\/article><\/div><div class=\"hidden wf-cell\" data-post-id=\"788\" data-date=\"2015-05-22T03:20:40-03:00\" data-name=\"Compras P\u00fablicas  \u00bfC\u00f3mo funciona el Sistema de Mercado P\u00fablico?\"><article class=\"post project-odd visible post-788 type-post status-publish format-standard has-post-thumbnail hentry category-articulos category-13\" data-name=\"Compras P\u00fablicas  \u00bfC\u00f3mo funciona el Sistema de Mercado P\u00fablico?\" data-date=\"2015-05-22T03:20:40-03:00\">\n\n<div class=\"post-thumbnail-wrap\">\n\t<div class=\"post-thumbnail\">\n\t\t\n\t\t\n\t\t<a href=\"https:\/\/ena.cl\/?p=788\" class=\"post-thumbnail-rollover layzr-bg layzr-bg\" ><img decoding=\"async\" class=\"iso-lazy-load preload-me iso-lazy-load aspect\" src=\"data:image\/svg+xml,%3Csvg%20xmlns%3D&#39;http%3A%2F%2Fwww.w3.org%2F2000%2Fsvg&#39;%20viewBox%3D&#39;0%200%20645%20430&#39;%2F%3E\" data-src=\"https:\/\/ena.cl\/wp-content\/uploads\/2015\/05\/mercado-c.jpg\" data-srcset=\"https:\/\/ena.cl\/wp-content\/uploads\/2015\/05\/mercado-c.jpg 645w\" loading=\"eager\" style=\"--ratio: 645 \/ 430\" sizes=\"(max-width: 645px) 100vw, 645px\" alt=\"\" title=\"mercado-c\" width=\"645\" height=\"430\"  \/><\/a>\t<\/div>\n<\/div>\n\n\n<div class=\"post-entry-content\">\n\n\t<h3 class=\"entry-title\">\n\t\t<a href=\"https:\/\/ena.cl\/?p=788\" title=\"Compras P\u00fablicas  \u00bfC\u00f3mo funciona el Sistema de Mercado P\u00fablico?\" rel=\"bookmark\">Compras P\u00fablicas  \u00bfC\u00f3mo funciona el Sistema de Mercado P\u00fablico?<\/a>\n\t<\/h3>\n\n\t<div class=\"entry-meta\"><a href=\"https:\/\/ena.cl\/?m=20150522\" title=\"3:20 am\" class=\"data-link\" rel=\"bookmark\"><time class=\"entry-date updated\" datetime=\"2015-05-22T03:20:40-03:00\">22 mayo, 2015<\/time><\/a><\/div>\n\t<div class=\"entry-excerpt\"><p>Con 54 modificaciones en el reglamento de compras, publicadas recientemente en el Diario Oficial, y adem\u00e1s el reconocimiento a ChileCompra como organismo que puede entregar orientaciones y recomendaciones, se espera fortalecer la probidad y transparencia de este sistema. En efecto, ChileCompra es un organismo p\u00fablico pr\u00f3ximo a cumplir 12 a\u00f1os de funcionamiento y en este&hellip;<\/p>\n<\/div>\n\t\n<a href=\"https:\/\/ena.cl\/?p=788\" class=\"post-details details-type-link\" aria-label=\"Read more about Compras P\u00fablicas  \u00bfC\u00f3mo funciona el Sistema de Mercado P\u00fablico?\">Leer m\u00e1s<i class=\"dt-icon-the7-arrow-03\" aria-hidden=\"true\"><\/i><\/a>\n\n<\/div><\/article><\/div><div class=\"hidden wf-cell\" data-post-id=\"753\" data-date=\"2015-04-24T14:02:40-03:00\" data-name=\"Soquimich, Penta y Caval: &lt;br&gt;\u00bfqu\u00e9 pas\u00f3 con la probidad administrativa?\"><article class=\"post project-odd visible post-753 type-post status-publish format-standard has-post-thumbnail hentry category-articulos category-noticias category-13 category-2\" data-name=\"Soquimich, Penta y Caval: &lt;br&gt;\u00bfqu\u00e9 pas\u00f3 con la probidad administrativa?\" data-date=\"2015-04-24T14:02:40-03:00\">\n\n<div class=\"post-thumbnail-wrap\">\n\t<div class=\"post-thumbnail\">\n\t\t\n\t\t\n\t\t<a href=\"https:\/\/ena.cl\/?p=753\" class=\"post-thumbnail-rollover layzr-bg layzr-bg\" ><img decoding=\"async\" class=\"iso-lazy-load preload-me iso-lazy-load aspect\" src=\"data:image\/svg+xml,%3Csvg%20xmlns%3D&#39;http%3A%2F%2Fwww.w3.org%2F2000%2Fsvg&#39;%20viewBox%3D&#39;0%200%20627%20418&#39;%2F%3E\" data-src=\"https:\/\/ena.cl\/wp-content\/uploads\/2015\/04\/probidad-articulo.jpg\" data-srcset=\"https:\/\/ena.cl\/wp-content\/uploads\/2015\/04\/probidad-articulo.jpg 627w\" loading=\"eager\" style=\"--ratio: 627 \/ 418\" sizes=\"(max-width: 627px) 100vw, 627px\" alt=\"\" title=\"probidad-articulo\" width=\"627\" height=\"418\"  \/><\/a>\t<\/div>\n<\/div>\n\n\n<div class=\"post-entry-content\">\n\n\t<h3 class=\"entry-title\">\n\t\t<a href=\"https:\/\/ena.cl\/?p=753\" title=\"Soquimich, Penta y Caval: \u00bfqu\u00e9 pas\u00f3 con la probidad administrativa?\" rel=\"bookmark\">Soquimich, Penta y Caval: <br>\u00bfqu\u00e9 pas\u00f3 con la probidad administrativa?<\/a>\n\t<\/h3>\n\n\t<div class=\"entry-meta\"><a href=\"https:\/\/ena.cl\/?m=20150424\" title=\"2:02 pm\" class=\"data-link\" rel=\"bookmark\"><time class=\"entry-date updated\" datetime=\"2015-04-24T14:02:40-03:00\">24 abril, 2015<\/time><\/a><\/div>\n\t<div class=\"entry-excerpt\"><p>Sin duda que son tiempos ajetreados para quienes se dedican a la actividad pol\u00edtica partidista y desempe\u00f1an alg\u00fan cargo p\u00fablico. Soquimich, Penta y Caval son casos que han estado durante los \u00faltimos meses removiendo la escena nacional y cuestionando la probidad de quienes han sido protagonistas de ellos. En su esencia, la probidad administrativa se&hellip;<\/p>\n<\/div>\n\t\n<a href=\"https:\/\/ena.cl\/?p=753\" class=\"post-details details-type-link\" aria-label=\"Read more about Soquimich, Penta y Caval: &lt;br&gt;\u00bfqu\u00e9 pas\u00f3 con la probidad administrativa?\">Leer m\u00e1s<i class=\"dt-icon-the7-arrow-03\" aria-hidden=\"true\"><\/i><\/a>\n\n<\/div><\/article><\/div><div class=\"hidden wf-cell\" data-post-id=\"720\" data-date=\"2015-04-08T12:47:37-03:00\" data-name=\"Operaci\u00f3n Renta 2016\"><article class=\"post project-odd visible post-720 type-post status-publish format-standard has-post-thumbnail hentry category-articulos category-newsletter category-noticias category-13 category-14 category-2\" data-name=\"Operaci\u00f3n Renta 2016\" data-date=\"2015-04-08T12:47:37-03:00\">\n\n<div class=\"post-thumbnail-wrap\">\n\t<div class=\"post-thumbnail\">\n\t\t\n\t\t\n\t\t<a href=\"https:\/\/ena.cl\/?p=720\" class=\"post-thumbnail-rollover layzr-bg layzr-bg\" ><img decoding=\"async\" class=\"iso-lazy-load preload-me iso-lazy-load aspect\" src=\"data:image\/svg+xml,%3Csvg%20xmlns%3D&#39;http%3A%2F%2Fwww.w3.org%2F2000%2Fsvg&#39;%20viewBox%3D&#39;0%200%20645%20430&#39;%2F%3E\" data-src=\"https:\/\/ena.cl\/wp-content\/uploads\/2015\/04\/renta-2016-articulo.jpg\" data-srcset=\"https:\/\/ena.cl\/wp-content\/uploads\/2015\/04\/renta-2016-articulo.jpg 645w\" loading=\"eager\" style=\"--ratio: 645 \/ 430\" sizes=\"(max-width: 645px) 100vw, 645px\" alt=\"\" title=\"renta-2016-articulo\" width=\"645\" height=\"430\"  \/><\/a>\t<\/div>\n<\/div>\n\n\n<div class=\"post-entry-content\">\n\n\t<h3 class=\"entry-title\">\n\t\t<a href=\"https:\/\/ena.cl\/?p=720\" title=\"Operaci\u00f3n Renta 2016\" rel=\"bookmark\">Operaci\u00f3n Renta 2016<\/a>\n\t<\/h3>\n\n\t<div class=\"entry-meta\"><a href=\"https:\/\/ena.cl\/?m=20150408\" title=\"12:47 pm\" class=\"data-link\" rel=\"bookmark\"><time class=\"entry-date updated\" datetime=\"2015-04-08T12:47:37-03:00\">8 abril, 2015<\/time><\/a><\/div>\n\t<div class=\"entry-excerpt\"><p>Todo lo que debe saber a la hora de realizar su Declaraci\u00f3n de Impuestos, adem\u00e1s se destacan beneficios tributarios que se pueden obtener de la Operaci\u00f3n Renta. Desde el 1\u00b0 de abril el sitio web del Servicio de Impuestos Internos (SII) se encuentra disponible para recibir miles de declaraciones de contribuyentes y se inicia oficialmente&hellip;<\/p>\n<\/div>\n\t\n<a href=\"https:\/\/ena.cl\/?p=720\" class=\"post-details details-type-link\" aria-label=\"Read more about Operaci\u00f3n Renta 2016\">Leer m\u00e1s<i class=\"dt-icon-the7-arrow-03\" aria-hidden=\"true\"><\/i><\/a>\n\n<\/div><\/article><\/div><div class=\"hidden wf-cell\" data-post-id=\"696\" data-date=\"2015-03-29T02:31:06-03:00\" data-name=\"Semana Santa:\u00a0un acto de F\u00e9 y una oportunidad para cuidarse\"><article class=\"post project-odd visible post-696 type-post status-publish format-standard has-post-thumbnail hentry category-articulos category-noticias category-13 category-2\" data-name=\"Semana Santa:\u00a0un acto de F\u00e9 y una oportunidad para cuidarse\" data-date=\"2015-03-29T02:31:06-03:00\">\n\n<div class=\"post-thumbnail-wrap\">\n\t<div class=\"post-thumbnail\">\n\t\t\n\t\t\n\t\t<a href=\"https:\/\/ena.cl\/?p=696\" class=\"post-thumbnail-rollover layzr-bg layzr-bg\" ><img decoding=\"async\" class=\"iso-lazy-load preload-me iso-lazy-load aspect\" src=\"data:image\/svg+xml,%3Csvg%20xmlns%3D&#39;http%3A%2F%2Fwww.w3.org%2F2000%2Fsvg&#39;%20viewBox%3D&#39;0%200%20532%20355&#39;%2F%3E\" data-src=\"https:\/\/ena.cl\/wp-content\/uploads\/2015\/03\/foto-semana-santa-ok.jpg\" data-srcset=\"https:\/\/ena.cl\/wp-content\/uploads\/2015\/03\/foto-semana-santa-ok.jpg 532w\" loading=\"eager\" style=\"--ratio: 532 \/ 355\" sizes=\"(max-width: 532px) 100vw, 532px\" alt=\"\" title=\"foto-semana-santa-ok\" width=\"532\" height=\"355\"  \/><\/a>\t<\/div>\n<\/div>\n\n\n<div class=\"post-entry-content\">\n\n\t<h3 class=\"entry-title\">\n\t\t<a href=\"https:\/\/ena.cl\/?p=696\" title=\"Semana Santa:\u00a0un acto de F\u00e9 y una oportunidad para cuidarse\" rel=\"bookmark\">Semana Santa:\u00a0un acto de F\u00e9 y una oportunidad para cuidarse<\/a>\n\t<\/h3>\n\n\t<div class=\"entry-meta\"><a href=\"https:\/\/ena.cl\/?m=20150329\" title=\"2:31 am\" class=\"data-link\" rel=\"bookmark\"><time class=\"entry-date updated\" datetime=\"2015-03-29T02:31:06-03:00\">29 marzo, 2015<\/time><\/a><\/div>\n\t<div class=\"entry-excerpt\"><p>Llega Semana Santa y como cada a\u00f1o, aumenta la ingesta de pescados y mariscos en Chile. Pese a que tenemos un consumo per c\u00e1pita bajo comparado con otros pa\u00edses, en este feriado religioso las ventas en la industria pesquera se incrementan en un 30% respecto al resto del a\u00f1o en que las chilenas y chilenos&hellip;<\/p>\n<\/div>\n\t\n<a href=\"https:\/\/ena.cl\/?p=696\" class=\"post-details details-type-link\" aria-label=\"Read more about Semana Santa:\u00a0un acto de F\u00e9 y una oportunidad para cuidarse\">Leer m\u00e1s<i class=\"dt-icon-the7-arrow-03\" aria-hidden=\"true\"><\/i><\/a>\n\n<\/div><\/article><\/div><div class=\"hidden wf-cell\" data-post-id=\"674\" data-date=\"2015-03-05T08:32:46-03:00\" data-name=\"Conmemoraci\u00f3n del d\u00eda de la Mujer: \u00bfRealmente Celebramos?\"><article class=\"post project-odd visible post-674 type-post status-publish format-standard has-post-thumbnail hentry category-articulos category-noticias category-13 category-2\" data-name=\"Conmemoraci\u00f3n del d\u00eda de la Mujer: \u00bfRealmente Celebramos?\" data-date=\"2015-03-05T08:32:46-03:00\">\n\n<div class=\"post-thumbnail-wrap\">\n\t<div class=\"post-thumbnail\">\n\t\t\n\t\t\n\t\t<a href=\"https:\/\/ena.cl\/?p=674\" class=\"post-thumbnail-rollover layzr-bg layzr-bg\" ><img decoding=\"async\" class=\"iso-lazy-load preload-me iso-lazy-load aspect\" src=\"data:image\/svg+xml,%3Csvg%20xmlns%3D&#39;http%3A%2F%2Fwww.w3.org%2F2000%2Fsvg&#39;%20viewBox%3D&#39;0%200%20613%20409&#39;%2F%3E\" data-src=\"https:\/\/ena.cl\/wp-content\/uploads\/2015\/03\/diadelamujer_.jpg\" data-srcset=\"https:\/\/ena.cl\/wp-content\/uploads\/2015\/03\/diadelamujer_.jpg 613w\" loading=\"eager\" style=\"--ratio: 613 \/ 409\" sizes=\"(max-width: 613px) 100vw, 613px\" alt=\"\" title=\"diadelamujer_\" width=\"613\" height=\"409\"  \/><\/a>\t<\/div>\n<\/div>\n\n\n<div class=\"post-entry-content\">\n\n\t<h3 class=\"entry-title\">\n\t\t<a href=\"https:\/\/ena.cl\/?p=674\" title=\"Conmemoraci\u00f3n del d\u00eda de la Mujer: \u00bfRealmente Celebramos?\" rel=\"bookmark\">Conmemoraci\u00f3n del d\u00eda de la Mujer: \u00bfRealmente Celebramos?<\/a>\n\t<\/h3>\n\n\t<div class=\"entry-meta\"><a href=\"https:\/\/ena.cl\/?m=20150305\" title=\"8:32 am\" class=\"data-link\" rel=\"bookmark\"><time class=\"entry-date updated\" datetime=\"2015-03-05T08:32:46-03:00\">5 marzo, 2015<\/time><\/a><\/div>\n\t<div class=\"entry-excerpt\"><p>por Pilar Zapata Coloma Periodista, Licenciada en Comunicaci\u00f3n Social,\u00a0Magister Comunicaci\u00f3n, Educaci\u00f3n y Tecnolog\u00edas. Nuevamente se conmemora el D\u00eda Internacional de la Mujer, y mientras en las oficinas les regalan flores y saludos de cortes\u00eda, a nivel estructural contin\u00faa una brecha importante que las separa de los hombres y que se traduce, en el \u00e1mbito laboral,&hellip;<\/p>\n<\/div>\n\t\n<a href=\"https:\/\/ena.cl\/?p=674\" class=\"post-details details-type-link\" aria-label=\"Read more about Conmemoraci\u00f3n del d\u00eda de la Mujer: \u00bfRealmente Celebramos?\">Leer m\u00e1s<i class=\"dt-icon-the7-arrow-03\" aria-hidden=\"true\"><\/i><\/a>\n\n<\/div><\/article><\/div><div class=\"hidden wf-cell\" data-post-id=\"645\" data-date=\"2015-01-15T21:15:57-03:00\" data-name=\"Aliment\u00e1ndonos en la oficina en Verano: Recomendaciones para una dieta saludable en el trabajo\"><article class=\"post project-odd visible post-645 type-post status-publish format-standard has-post-thumbnail hentry category-articulos category-13\" data-name=\"Aliment\u00e1ndonos en la oficina en Verano: Recomendaciones para una dieta saludable en el trabajo\" data-date=\"2015-01-15T21:15:57-03:00\">\n\n<div class=\"post-thumbnail-wrap\">\n\t<div class=\"post-thumbnail\">\n\t\t\n\t\t\n\t\t<a href=\"https:\/\/ena.cl\/?p=645\" class=\"post-thumbnail-rollover layzr-bg layzr-bg\" ><img decoding=\"async\" class=\"iso-lazy-load preload-me iso-lazy-load aspect\" src=\"data:image\/svg+xml,%3Csvg%20xmlns%3D&#39;http%3A%2F%2Fwww.w3.org%2F2000%2Fsvg&#39;%20viewBox%3D&#39;0%200%20445%20297&#39;%2F%3E\" data-src=\"https:\/\/ena.cl\/wp-content\/uploads\/2015\/01\/alimentacion_2.jpg\" data-srcset=\"https:\/\/ena.cl\/wp-content\/uploads\/2015\/01\/alimentacion_2.jpg 445w\" loading=\"eager\" style=\"--ratio: 445 \/ 297\" sizes=\"(max-width: 445px) 100vw, 445px\" alt=\"\" title=\"alimentacion_2\" width=\"445\" height=\"297\"  \/><\/a>\t<\/div>\n<\/div>\n\n\n<div class=\"post-entry-content\">\n\n\t<h3 class=\"entry-title\">\n\t\t<a href=\"https:\/\/ena.cl\/?p=645\" title=\"Aliment\u00e1ndonos en la oficina en Verano: Recomendaciones para una dieta saludable en el trabajo\" rel=\"bookmark\">Aliment\u00e1ndonos en la oficina en Verano: Recomendaciones para una dieta saludable en el trabajo<\/a>\n\t<\/h3>\n\n\t<div class=\"entry-meta\"><a href=\"https:\/\/ena.cl\/?m=20150115\" title=\"9:15 pm\" class=\"data-link\" rel=\"bookmark\"><time class=\"entry-date updated\" datetime=\"2015-01-15T21:15:57-03:00\">15 enero, 2015<\/time><\/a><\/div>\n\t<div class=\"entry-excerpt\"><p>Es pleno verano y usted contin\u00faa trabajando, ya sea porque tom\u00f3 sus vacaciones, o bien, porque todav\u00eda falta para ese anhelado descanso. Lo cierto es que las temperaturas se elevan en este periodo del a\u00f1o y el cuerpo responde a este cambio estival, a veces, aletarg\u00e1ndose en la oficina, sobre todo despu\u00e9s de la hora&hellip;<\/p>\n<\/div>\n\t\n<a href=\"https:\/\/ena.cl\/?p=645\" class=\"post-details details-type-link\" aria-label=\"Read more about Aliment\u00e1ndonos en la oficina en Verano: Recomendaciones para una dieta saludable en el trabajo\">Leer m\u00e1s<i class=\"dt-icon-the7-arrow-03\" aria-hidden=\"true\"><\/i><\/a>\n\n<\/div><\/article><\/div><\/div><!-- iso-container|iso-grid --><div class=\"paginator\" role=\"navigation\"><\/div><\/div>[\/vc_column][\/vc_row]<\/p>\n<\/div>","protected":false},"excerpt":{"rendered":"<p>[vc_row css=&#8221;.vc_custom_1773758477651{margin-top: 50px !important;}&#8221;][vc_column][\/vc_column][\/vc_row]<\/p>\n","protected":false},"author":1,"featured_media":0,"parent":0,"menu_order":0,"comment_status":"closed","ping_status":"closed","template":"","meta":{"footnotes":""},"class_list":["post-55679","page","type-page","status-publish","hentry","description-off"],"_links":{"self":[{"href":"https:\/\/ena.cl\/index.php?rest_route=\/wp\/v2\/pages\/55679","targetHints":{"allow":["GET"]}}],"collection":[{"href":"https:\/\/ena.cl\/index.php?rest_route=\/wp\/v2\/pages"}],"about":[{"href":"https:\/\/ena.cl\/index.php?rest_route=\/wp\/v2\/types\/page"}],"author":[{"embeddable":true,"href":"https:\/\/ena.cl\/index.php?rest_route=\/wp\/v2\/users\/1"}],"replies":[{"embeddable":true,"href":"https:\/\/ena.cl\/index.php?rest_route=%2Fwp%2Fv2%2Fcomments&post=55679"}],"version-history":[{"count":12,"href":"https:\/\/ena.cl\/index.php?rest_route=\/wp\/v2\/pages\/55679\/revisions"}],"predecessor-version":[{"id":56519,"href":"https:\/\/ena.cl\/index.php?rest_route=\/wp\/v2\/pages\/55679\/revisions\/56519"}],"wp:attachment":[{"href":"https:\/\/ena.cl\/index.php?rest_route=%2Fwp%2Fv2%2Fmedia&parent=55679"}],"curies":[{"name":"wp","href":"https:\/\/api.w.org\/{rel}","templated":true}]}}